{"version":"1.0","provider_name":"Le Grenier - brocante et am\u00e9nagement","provider_url":"https:\/\/le-grenier.org","author_name":"LE GRENIER AMIENS","author_url":"https:\/\/le-grenier.org\/index.php\/author\/admin4505\/","title":"Lampe Art D\u00e9co - Le Grenier - brocante et am\u00e9nagement","type":"rich","width":600,"height":338,"html":"<blockquote class=\"wp-embedded-content\"><a href=\"https:\/\/le-grenier.org\/index.php\/produit\/lampe-art-deco\/\">Lampe Art D\u00e9co<\/a><\/blockquote>\n<script type='text\/javascript'>\n<!--\/\/--><![CDATA[\/\/><!--\n\t\t\/*! This file is auto-generated *\/\n\t\t!function(c,d){\"use strict\";var e=!1,n=!1;if(d.querySelector)if(c.addEventListener)e=!0;if(c.wp=c.wp||{},!c.wp.receiveEmbedMessage)if(c.wp.receiveEmbedMessage=function(e){var t=e.data;if(t)if(t.secret||t.message||t.value)if(!\/[^a-zA-Z0-9]\/.test(t.secret)){for(var r,a,i,s=d.querySelectorAll('iframe[data-secret=\"'+t.secret+'\"]'),n=d.querySelectorAll('blockquote[data-secret=\"'+t.secret+'\"]'),o=0;o<n.length;o++)n[o].style.display=\"none\";for(o=0;o<s.length;o++)if(r=s[o],e.source===r.contentWindow){if(r.removeAttribute(\"style\"),\"height\"===t.message){if(1e3<(i=parseInt(t.value,10)))i=1e3;else if(~~i<200)i=200;r.height=i}if(\"link\"===t.message)if(a=d.createElement(\"a\"),i=d.createElement(\"a\"),a.href=r.getAttribute(\"src\"),i.href=t.value,i.host===a.host)if(d.activeElement===r)c.top.location.href=t.value}}},e)c.addEventListener(\"message\",c.wp.receiveEmbedMessage,!1),d.addEventListener(\"DOMContentLoaded\",t,!1),c.addEventListener(\"load\",t,!1);function t(){if(!n){n=!0;for(var e,t,r=-1!==navigator.appVersion.indexOf(\"MSIE 10\"),a=!!navigator.userAgent.match(\/Trident.*rv:11\\.\/),i=d.querySelectorAll(\"iframe.wp-embedded-content\"),s=0;s<i.length;s++){if(!(e=i[s]).getAttribute(\"data-secret\"))t=Math.random().toString(36).substr(2,10),e.src+=\"#?secret=\"+t,e.setAttribute(\"data-secret\",t);if(r||a)(t=e.cloneNode(!0)).removeAttribute(\"security\"),e.parentNode.replaceChild(t,e)}}}}(window,document);\n\/\/--><!]]>\n<\/script><iframe sandbox=\"allow-scripts\" security=\"restricted\" src=\"https:\/\/le-grenier.org\/index.php\/produit\/lampe-art-deco\/embed\/\" width=\"600\" height=\"338\" title=\"\u00ab\u00a0Lampe Art D\u00e9co\u00a0\u00bb &#8212; Le Grenier - brocante et am\u00e9nagement\" frameborder=\"0\" marginwidth=\"0\" marginheight=\"0\" scrolling=\"no\" class=\"wp-embedded-content\"><\/iframe>","thumbnail_url":"http:\/\/le-grenier.org\/wp-content\/uploads\/2022\/10\/A2E00DD5-A933-4C12-9028-C5FA5DDF5101.jpeg","thumbnail_width":1309,"thumbnail_height":1324,"description":"Lampe Art D\u00e9co en m\u00e9tal argent\u00e9 Globe en opaline verte en excellent \u00e9tat  pied et t\u00eate amovibles  hauteur du pied 60cm  Diam\u00e8tre du globe 15cm  Ampoule \u00e0 ba\u00efonnette, douille en laiton et porcelaine d\u2019origine&nbsp;  Cable \u00e9lectrique neuf&nbsp;  exp\u00e9dition rapide et soign\u00e9e&nbsp;"}