{"version":"1.0","provider_name":"Le Grenier - brocante et am\u00e9nagement","provider_url":"https:\/\/le-grenier.org","author_name":"LE GRENIER AMIENS","author_url":"https:\/\/le-grenier.org\/index.php\/author\/admin4505\/","title":"Paire de rideaux - Le Grenier - brocante et am\u00e9nagement","type":"rich","width":600,"height":338,"html":"<blockquote class=\"wp-embedded-content\"><a href=\"https:\/\/le-grenier.org\/index.php\/produit\/paire-de-rideaux\/\">Paire de rideaux<\/a><\/blockquote>\n<script type='text\/javascript'>\n<!--\/\/--><![CDATA[\/\/><!--\n\t\t\/*! This file is auto-generated *\/\n\t\t!function(c,d){\"use strict\";var e=!1,n=!1;if(d.querySelector)if(c.addEventListener)e=!0;if(c.wp=c.wp||{},!c.wp.receiveEmbedMessage)if(c.wp.receiveEmbedMessage=function(e){var t=e.data;if(t)if(t.secret||t.message||t.value)if(!\/[^a-zA-Z0-9]\/.test(t.secret)){for(var r,a,i,s=d.querySelectorAll('iframe[data-secret=\"'+t.secret+'\"]'),n=d.querySelectorAll('blockquote[data-secret=\"'+t.secret+'\"]'),o=0;o<n.length;o++)n[o].style.display=\"none\";for(o=0;o<s.length;o++)if(r=s[o],e.source===r.contentWindow){if(r.removeAttribute(\"style\"),\"height\"===t.message){if(1e3<(i=parseInt(t.value,10)))i=1e3;else if(~~i<200)i=200;r.height=i}if(\"link\"===t.message)if(a=d.createElement(\"a\"),i=d.createElement(\"a\"),a.href=r.getAttribute(\"src\"),i.href=t.value,i.host===a.host)if(d.activeElement===r)c.top.location.href=t.value}}},e)c.addEventListener(\"message\",c.wp.receiveEmbedMessage,!1),d.addEventListener(\"DOMContentLoaded\",t,!1),c.addEventListener(\"load\",t,!1);function t(){if(!n){n=!0;for(var e,t,r=-1!==navigator.appVersion.indexOf(\"MSIE 10\"),a=!!navigator.userAgent.match(\/Trident.*rv:11\\.\/),i=d.querySelectorAll(\"iframe.wp-embedded-content\"),s=0;s<i.length;s++){if(!(e=i[s]).getAttribute(\"data-secret\"))t=Math.random().toString(36).substr(2,10),e.src+=\"#?secret=\"+t,e.setAttribute(\"data-secret\",t);if(r||a)(t=e.cloneNode(!0)).removeAttribute(\"security\"),e.parentNode.replaceChild(t,e)}}}}(window,document);\n\/\/--><!]]>\n<\/script><iframe sandbox=\"allow-scripts\" security=\"restricted\" src=\"https:\/\/le-grenier.org\/index.php\/produit\/paire-de-rideaux\/embed\/\" width=\"600\" height=\"338\" title=\"\u00ab\u00a0Paire de rideaux\u00a0\u00bb &#8212; Le Grenier - brocante et am\u00e9nagement\" frameborder=\"0\" marginwidth=\"0\" marginheight=\"0\" scrolling=\"no\" class=\"wp-embedded-content\"><\/iframe>","thumbnail_url":"https:\/\/le-grenier.org\/wp-content\/uploads\/2021\/07\/0DD4C369-91F6-42F8-9C42-3E7C950913D2.jpeg","thumbnail_width":1440,"thumbnail_height":1440,"description":"Rideaux seventies, achet\u00e9s dans une friperie parisienne&nbsp;  100% acrylique Marque : Dralon Mod\u00e8le \u00ab&nbsp;Bergen&nbsp;\u00bb Production Urg\u00e9 Paris  Largeur 130cm Hauteur actuelle (sans toucher au syst\u00e8me d\u2019accroche) : 200cm  excellent \u00e9tat&nbsp;  \u2014\u2014 Le dralon, un textile id\u00e9al pour le jardin  Un textile r\u00e9sistant \u00e0 l'eau, aux taches et aux UV, voici les qualit\u00e9s essentielles du Dralon. Pas \u00e9tonnant qu'on l'adopte pour le jardin ! Fabriqu\u00e9 en Allemagne, le Dralon est pr\u00e9sent dans diff\u00e9rents univers tels que la mode, les v\u00eatements de travail et l'am\u00e9nagement de la maison et du jardin. R\u00e9alis\u00e9 \u00e0 base de fibres synth\u00e9tiques, le Dralon se caract\u00e9rise par sa texture douce et lumineuse , sa r\u00e9sistance aux UV et \u00e0 l'eau (il est d\u00e9perlant),son imputrescibilit\u00e9 et sa facilit\u00e9 d'entretien . On trouve du Dralon dans diff\u00e9rents types de produits comme les coussins d'ext\u00e9rieur ,les parasols ,les rev\u00eatements dans le mobilier outdoor . La soci\u00e9t\u00e9 Dralon se positionne \u00e9galement sur un cr\u00e9neau \u00e9cologique. Sa fabrication produit des \u00e9missions de CO2 contr\u00f4l\u00e9es (moins que le coton et la viscose) et engendre une consommation d'eau tr\u00e8s faible (5000 fois moins que le coton...). Enfin c\u00f4t\u00e9 d\u00e9co, le Dralon comme n'importe quel textile, rev\u00eat diff\u00e9rents coloris et motifs, m\u00eame si on le trouve le plus souvent dans des teintes unies."}