{"id":45727,"date":"2021-07-08T16:26:06","date_gmt":"2021-07-08T14:26:06","guid":{"rendered":"https:\/\/le-grenier.org\/?post_type=product&#038;p=45727"},"modified":"2021-07-08T16:26:06","modified_gmt":"2021-07-08T14:26:06","slug":"paire-de-rideaux","status":"publish","type":"product","link":"https:\/\/le-grenier.org\/index.php\/produit\/paire-de-rideaux\/","title":{"rendered":"Paire de rideaux"},"content":{"rendered":"","protected":false},"excerpt":{"rendered":"<p>Rideaux seventies, achet\u00e9s dans une friperie parisienne&nbsp;<\/p>\n<p>100% acrylique<br \/>\nMarque : Dralon<br \/>\nMod\u00e8le \u00ab&nbsp;Bergen&nbsp;\u00bb<br \/>\nProduction Urg\u00e9 Paris<\/p>\n<p>Largeur 130cm<br \/>\nHauteur actuelle (sans toucher au syst\u00e8me d\u2019accroche) : 200cm<\/p>\n<p>excellent \u00e9tat&nbsp;<\/p>\n<p>\u2014\u2014<br \/>\nLe dralon, un textile id\u00e9al pour le jardin<\/p>\n<p>Un textile r\u00e9sistant \u00e0 l&rsquo;eau, aux taches et aux UV, voici les qualit\u00e9s essentielles du Dralon. Pas \u00e9tonnant qu&rsquo;on l&rsquo;adopte pour le jardin ! Fabriqu\u00e9 en Allemagne, le Dralon est pr\u00e9sent dans diff\u00e9rents univers tels que la mode, les v\u00eatements de travail et l&rsquo;am\u00e9nagement de la maison et du jardin. R\u00e9alis\u00e9 \u00e0 base de fibres synth\u00e9tiques, le Dralon se caract\u00e9rise par sa texture douce et lumineuse , sa r\u00e9sistance aux UV et \u00e0 l&rsquo;eau (il est d\u00e9perlant),son imputrescibilit\u00e9 et sa facilit\u00e9 d&rsquo;entretien . On trouve du Dralon dans diff\u00e9rents types de produits comme les coussins d&rsquo;ext\u00e9rieur ,les parasols ,les rev\u00eatements dans le mobilier outdoor . La soci\u00e9t\u00e9 Dralon se positionne \u00e9galement sur un cr\u00e9neau \u00e9cologique. Sa fabrication produit des \u00e9missions de CO2 contr\u00f4l\u00e9es (moins que le coton et la viscose) et engendre une consommation d&rsquo;eau tr\u00e8s faible (5000 fois moins que le coton&#8230;). Enfin c\u00f4t\u00e9 d\u00e9co, le Dralon comme n&rsquo;importe quel textile, rev\u00eat diff\u00e9rents coloris et motifs, m\u00eame si on le trouve le plus souvent dans des teintes unies.<\/p>\n","protected":false},"featured_media":45728,"template":"","meta":{"ngg_post_thumbnail":0},"product_cat":[53],"product_tag":[],"yoast_head":"<!-- This site is optimized with the Yoast SEO plugin v17.9 - https:\/\/yoast.com\/wordpress\/plugins\/seo\/ -->\n<title>Paire de rideaux - Le Grenier - brocante et am\u00e9nagement<\/title>\n<meta name=\"robots\" content=\"index, follow, max-snippet:-1, max-image-preview:large, max-video-preview:-1\" \/>\n<link rel=\"canonical\" href=\"https:\/\/le-grenier.org\/index.php\/produit\/paire-de-rideaux\/\" \/>\n<meta property=\"og:locale\" content=\"fr_FR\" \/>\n<meta property=\"og:type\" content=\"article\" \/>\n<meta property=\"og:title\" content=\"Paire de rideaux - Le Grenier - brocante et am\u00e9nagement\" \/>\n<meta property=\"og:description\" content=\"Rideaux seventies, achet\u00e9s dans une friperie parisienne&nbsp;  100% acrylique Marque : Dralon Mod\u00e8le \u00ab&nbsp;Bergen&nbsp;\u00bb Production Urg\u00e9 Paris  Largeur 130cm Hauteur actuelle (sans toucher au syst\u00e8me d\u2019accroche) : 200cm  excellent \u00e9tat&nbsp;  \u2014\u2014 Le dralon, un textile id\u00e9al pour le jardin  Un textile r\u00e9sistant \u00e0 l&#039;eau, aux taches et aux UV, voici les qualit\u00e9s essentielles du Dralon. Pas \u00e9tonnant qu&#039;on l&#039;adopte pour le jardin ! Fabriqu\u00e9 en Allemagne, le Dralon est pr\u00e9sent dans diff\u00e9rents univers tels que la mode, les v\u00eatements de travail et l&#039;am\u00e9nagement de la maison et du jardin. R\u00e9alis\u00e9 \u00e0 base de fibres synth\u00e9tiques, le Dralon se caract\u00e9rise par sa texture douce et lumineuse , sa r\u00e9sistance aux UV et \u00e0 l&#039;eau (il est d\u00e9perlant),son imputrescibilit\u00e9 et sa facilit\u00e9 d&#039;entretien . On trouve du Dralon dans diff\u00e9rents types de produits comme les coussins d&#039;ext\u00e9rieur ,les parasols ,les rev\u00eatements dans le mobilier outdoor . La soci\u00e9t\u00e9 Dralon se positionne \u00e9galement sur un cr\u00e9neau \u00e9cologique. Sa fabrication produit des \u00e9missions de CO2 contr\u00f4l\u00e9es (moins que le coton et la viscose) et engendre une consommation d&#039;eau tr\u00e8s faible (5000 fois moins que le coton...). Enfin c\u00f4t\u00e9 d\u00e9co, le Dralon comme n&#039;importe quel textile, rev\u00eat diff\u00e9rents coloris et motifs, m\u00eame si on le trouve le plus souvent dans des teintes unies.\" \/>\n<meta property=\"og:url\" content=\"https:\/\/le-grenier.org\/index.php\/produit\/paire-de-rideaux\/\" \/>\n<meta property=\"og:site_name\" content=\"Le Grenier - brocante et am\u00e9nagement\" \/>\n<meta property=\"og:image\" content=\"https:\/\/le-grenier.org\/wp-content\/uploads\/2021\/07\/0DD4C369-91F6-42F8-9C42-3E7C950913D2.jpeg\" \/>\n\t<meta property=\"og:image:width\" content=\"1440\" \/>\n\t<meta property=\"og:image:height\" content=\"1440\" \/>\n\t<meta property=\"og:image:type\" content=\"image\/jpeg\" \/>\n<meta name=\"twitter:card\" content=\"summary_large_image\" \/>\n<script type=\"application\/ld+json\" class=\"yoast-schema-graph\">{\"@context\":\"https:\/\/schema.org\",\"@graph\":[{\"@type\":\"WebSite\",\"@id\":\"https:\/\/le-grenier.org\/#website\",\"url\":\"https:\/\/le-grenier.org\/\",\"name\":\"Le Grenier - brocante et am\\u00e9nagement\",\"description\":\"\",\"potentialAction\":[{\"@type\":\"SearchAction\",\"target\":{\"@type\":\"EntryPoint\",\"urlTemplate\":\"https:\/\/le-grenier.org\/?s={search_term_string}\"},\"query-input\":\"required name=search_term_string\"}],\"inLanguage\":\"fr-FR\"},{\"@type\":\"ImageObject\",\"@id\":\"https:\/\/le-grenier.org\/index.php\/produit\/paire-de-rideaux\/#primaryimage\",\"inLanguage\":\"fr-FR\",\"url\":\"https:\/\/le-grenier.org\/wp-content\/uploads\/2021\/07\/0DD4C369-91F6-42F8-9C42-3E7C950913D2.jpeg\",\"contentUrl\":\"https:\/\/le-grenier.org\/wp-content\/uploads\/2021\/07\/0DD4C369-91F6-42F8-9C42-3E7C950913D2.jpeg\",\"width\":1440,\"height\":1440},{\"@type\":\"WebPage\",\"@id\":\"https:\/\/le-grenier.org\/index.php\/produit\/paire-de-rideaux\/#webpage\",\"url\":\"https:\/\/le-grenier.org\/index.php\/produit\/paire-de-rideaux\/\",\"name\":\"Paire de rideaux - Le Grenier - brocante et am\\u00e9nagement\",\"isPartOf\":{\"@id\":\"https:\/\/le-grenier.org\/#website\"},\"primaryImageOfPage\":{\"@id\":\"https:\/\/le-grenier.org\/index.php\/produit\/paire-de-rideaux\/#primaryimage\"},\"datePublished\":\"2021-07-08T14:26:06+00:00\",\"dateModified\":\"2021-07-08T14:26:06+00:00\",\"breadcrumb\":{\"@id\":\"https:\/\/le-grenier.org\/index.php\/produit\/paire-de-rideaux\/#breadcrumb\"},\"inLanguage\":\"fr-FR\",\"potentialAction\":[{\"@type\":\"ReadAction\",\"target\":[\"https:\/\/le-grenier.org\/index.php\/produit\/paire-de-rideaux\/\"]}]},{\"@type\":\"BreadcrumbList\",\"@id\":\"https:\/\/le-grenier.org\/index.php\/produit\/paire-de-rideaux\/#breadcrumb\",\"itemListElement\":[{\"@type\":\"ListItem\",\"position\":1,\"name\":\"Accueil\",\"item\":\"https:\/\/le-grenier.org\/\"},{\"@type\":\"ListItem\",\"position\":2,\"name\":\"Boutique en ligne\",\"item\":\"https:\/\/le-grenier.org\/\"},{\"@type\":\"ListItem\",\"position\":3,\"name\":\"Paire de rideaux\"}]}]}<\/script>\n<!-- \/ Yoast SEO plugin. -->","yoast_head_json":{"title":"Paire de rideaux - Le Grenier - brocante et am\u00e9nagement","robots":{"index":"index","follow":"follow","max-snippet":"max-snippet:-1","max-image-preview":"max-image-preview:large","max-video-preview":"max-video-preview:-1"},"canonical":"https:\/\/le-grenier.org\/index.php\/produit\/paire-de-rideaux\/","og_locale":"fr_FR","og_type":"article","og_title":"Paire de rideaux - Le Grenier - brocante et am\u00e9nagement","og_description":"Rideaux seventies, achet\u00e9s dans une friperie parisienne&nbsp;  100% acrylique Marque : Dralon Mod\u00e8le \u00ab&nbsp;Bergen&nbsp;\u00bb Production Urg\u00e9 Paris  Largeur 130cm Hauteur actuelle (sans toucher au syst\u00e8me d\u2019accroche) : 200cm  excellent \u00e9tat&nbsp;  \u2014\u2014 Le dralon, un textile id\u00e9al pour le jardin  Un textile r\u00e9sistant \u00e0 l'eau, aux taches et aux UV, voici les qualit\u00e9s essentielles du Dralon. Pas \u00e9tonnant qu'on l'adopte pour le jardin ! Fabriqu\u00e9 en Allemagne, le Dralon est pr\u00e9sent dans diff\u00e9rents univers tels que la mode, les v\u00eatements de travail et l'am\u00e9nagement de la maison et du jardin. R\u00e9alis\u00e9 \u00e0 base de fibres synth\u00e9tiques, le Dralon se caract\u00e9rise par sa texture douce et lumineuse , sa r\u00e9sistance aux UV et \u00e0 l'eau (il est d\u00e9perlant),son imputrescibilit\u00e9 et sa facilit\u00e9 d'entretien . On trouve du Dralon dans diff\u00e9rents types de produits comme les coussins d'ext\u00e9rieur ,les parasols ,les rev\u00eatements dans le mobilier outdoor . La soci\u00e9t\u00e9 Dralon se positionne \u00e9galement sur un cr\u00e9neau \u00e9cologique. Sa fabrication produit des \u00e9missions de CO2 contr\u00f4l\u00e9es (moins que le coton et la viscose) et engendre une consommation d'eau tr\u00e8s faible (5000 fois moins que le coton...). Enfin c\u00f4t\u00e9 d\u00e9co, le Dralon comme n'importe quel textile, rev\u00eat diff\u00e9rents coloris et motifs, m\u00eame si on le trouve le plus souvent dans des teintes unies.","og_url":"https:\/\/le-grenier.org\/index.php\/produit\/paire-de-rideaux\/","og_site_name":"Le Grenier - brocante et am\u00e9nagement","og_image":[{"width":1440,"height":1440,"url":"https:\/\/le-grenier.org\/wp-content\/uploads\/2021\/07\/0DD4C369-91F6-42F8-9C42-3E7C950913D2.jpeg","type":"image\/jpeg"}],"twitter_card":"summary_large_image","schema":{"@context":"https:\/\/schema.org","@graph":[{"@type":"WebSite","@id":"https:\/\/le-grenier.org\/#website","url":"https:\/\/le-grenier.org\/","name":"Le Grenier - brocante et am\u00e9nagement","description":"","potentialAction":[{"@type":"SearchAction","target":{"@type":"EntryPoint","urlTemplate":"https:\/\/le-grenier.org\/?s={search_term_string}"},"query-input":"required name=search_term_string"}],"inLanguage":"fr-FR"},{"@type":"ImageObject","@id":"https:\/\/le-grenier.org\/index.php\/produit\/paire-de-rideaux\/#primaryimage","inLanguage":"fr-FR","url":"https:\/\/le-grenier.org\/wp-content\/uploads\/2021\/07\/0DD4C369-91F6-42F8-9C42-3E7C950913D2.jpeg","contentUrl":"https:\/\/le-grenier.org\/wp-content\/uploads\/2021\/07\/0DD4C369-91F6-42F8-9C42-3E7C950913D2.jpeg","width":1440,"height":1440},{"@type":"WebPage","@id":"https:\/\/le-grenier.org\/index.php\/produit\/paire-de-rideaux\/#webpage","url":"https:\/\/le-grenier.org\/index.php\/produit\/paire-de-rideaux\/","name":"Paire de rideaux - Le Grenier - brocante et am\u00e9nagement","isPartOf":{"@id":"https:\/\/le-grenier.org\/#website"},"primaryImageOfPage":{"@id":"https:\/\/le-grenier.org\/index.php\/produit\/paire-de-rideaux\/#primaryimage"},"datePublished":"2021-07-08T14:26:06+00:00","dateModified":"2021-07-08T14:26:06+00:00","breadcrumb":{"@id":"https:\/\/le-grenier.org\/index.php\/produit\/paire-de-rideaux\/#breadcrumb"},"inLanguage":"fr-FR","potentialAction":[{"@type":"ReadAction","target":["https:\/\/le-grenier.org\/index.php\/produit\/paire-de-rideaux\/"]}]},{"@type":"BreadcrumbList","@id":"https:\/\/le-grenier.org\/index.php\/produit\/paire-de-rideaux\/#breadcrumb","itemListElement":[{"@type":"ListItem","position":1,"name":"Accueil","item":"https:\/\/le-grenier.org\/"},{"@type":"ListItem","position":2,"name":"Boutique en ligne","item":"https:\/\/le-grenier.org\/"},{"@type":"ListItem","position":3,"name":"Paire de rideaux"}]}]}},"_links":{"self":[{"href":"https:\/\/le-grenier.org\/index.php\/wp-json\/wp\/v2\/product\/45727"}],"collection":[{"href":"https:\/\/le-grenier.org\/index.php\/wp-json\/wp\/v2\/product"}],"about":[{"href":"https:\/\/le-grenier.org\/index.php\/wp-json\/wp\/v2\/types\/product"}],"wp:featuredmedia":[{"embeddable":true,"href":"https:\/\/le-grenier.org\/index.php\/wp-json\/wp\/v2\/media\/45728"}],"wp:attachment":[{"href":"https:\/\/le-grenier.org\/index.php\/wp-json\/wp\/v2\/media?parent=45727"}],"wp:term":[{"taxonomy":"product_cat","embeddable":true,"href":"https:\/\/le-grenier.org\/index.php\/wp-json\/wp\/v2\/product_cat?post=45727"},{"taxonomy":"product_tag","embeddable":true,"href":"https:\/\/le-grenier.org\/index.php\/wp-json\/wp\/v2\/product_tag?post=45727"}],"curies":[{"name":"wp","href":"https:\/\/api.w.org\/{rel}","templated":true}]}}