{"id":48145,"date":"2021-11-10T10:12:26","date_gmt":"2021-11-10T09:12:26","guid":{"rendered":"https:\/\/le-grenier.org\/?post_type=product&#038;p=48145"},"modified":"2022-04-09T22:10:31","modified_gmt":"2022-04-09T20:10:31","slug":"plaque-de-rue-3","status":"publish","type":"product","link":"https:\/\/le-grenier.org\/index.php\/produit\/plaque-de-rue-3\/","title":{"rendered":"Plaque de rue"},"content":{"rendered":"","protected":false},"excerpt":{"rendered":"<p>V\u00e9ritable plaque de rue en m\u00e9tal \u00e9maill\u00e9&nbsp;<\/p>\n<p>&nbsp;<\/p>\n<p>Georges Lyssandre<br \/>\nN\u00e9 le 1er mai 1897 \u00e0 Chasseneuil-sur-Bonnieure (Charente), mort le 30 septembre 1977 \u00e0 Bondy (Seine-Saint-Denis) ; conseiller municipal socialiste de Bondy.<br \/>\nFils d\u2019un boulanger et d\u2019une tailleuse, Georges Lyssandre \u00e9tait clerc de notaire \u00e0 Paris. Directeur de l\u2019Harmonie municipale de Bondy (Seine), il fut \u00e9lu, le 12 mai 1935, conseiller municipal socialiste SFIO sur une liste de coalition \u00e0 direction communiste (voir Varagnat Henri*).<\/p>\n<p>\u00c0 la Lib\u00e9ration, il fit partie, au nom de la SFIO, du conseil municipal provisoire selon l\u2019arr\u00eat\u00e9 du 4 novembre 1944.<\/p>\n<p>Mari\u00e9 en 1922 \u00e0 La Rochefoucauld (Charente) avec une institutrice, il mourut le 30 septembre 1977 \u00e0 Bondy. Il \u00e9tait titulaire de la Croix de guerre 1914-1918.<\/p>\n","protected":false},"featured_media":48163,"template":"","meta":{"ngg_post_thumbnail":0},"product_cat":[39,55,23],"product_tag":[],"yoast_head":"<!-- This site is optimized with the Yoast SEO plugin v17.9 - https:\/\/yoast.com\/wordpress\/plugins\/seo\/ -->\n<title>Plaque de rue - Le Grenier - brocante et am\u00e9nagement<\/title>\n<meta name=\"robots\" content=\"index, follow, max-snippet:-1, max-image-preview:large, max-video-preview:-1\" \/>\n<link rel=\"canonical\" href=\"https:\/\/le-grenier.org\/index.php\/produit\/plaque-de-rue-3\/\" \/>\n<meta property=\"og:locale\" content=\"fr_FR\" \/>\n<meta property=\"og:type\" content=\"article\" \/>\n<meta property=\"og:title\" content=\"Plaque de rue - Le Grenier - brocante et am\u00e9nagement\" \/>\n<meta property=\"og:description\" content=\"V\u00e9ritable plaque de rue en m\u00e9tal \u00e9maill\u00e9&nbsp;  &nbsp;  Georges Lyssandre N\u00e9 le 1er mai 1897 \u00e0 Chasseneuil-sur-Bonnieure (Charente), mort le 30 septembre 1977 \u00e0 Bondy (Seine-Saint-Denis) ; conseiller municipal socialiste de Bondy. Fils d\u2019un boulanger et d\u2019une tailleuse, Georges Lyssandre \u00e9tait clerc de notaire \u00e0 Paris. Directeur de l\u2019Harmonie municipale de Bondy (Seine), il fut \u00e9lu, le 12 mai 1935, conseiller municipal socialiste SFIO sur une liste de coalition \u00e0 direction communiste (voir Varagnat Henri*).  \u00c0 la Lib\u00e9ration, il fit partie, au nom de la SFIO, du conseil municipal provisoire selon l\u2019arr\u00eat\u00e9 du 4 novembre 1944.  Mari\u00e9 en 1922 \u00e0 La Rochefoucauld (Charente) avec une institutrice, il mourut le 30 septembre 1977 \u00e0 Bondy. Il \u00e9tait titulaire de la Croix de guerre 1914-1918.\" \/>\n<meta property=\"og:url\" content=\"https:\/\/le-grenier.org\/index.php\/produit\/plaque-de-rue-3\/\" \/>\n<meta property=\"og:site_name\" content=\"Le Grenier - brocante et am\u00e9nagement\" \/>\n<meta property=\"article:modified_time\" content=\"2022-04-09T20:10:31+00:00\" \/>\n<meta property=\"og:image\" content=\"http:\/\/le-grenier.org\/wp-content\/uploads\/2021\/11\/F33FBB07-479C-4A61-A444-1DD27B744CC2.jpeg\" \/>\n\t<meta property=\"og:image:width\" content=\"1435\" \/>\n\t<meta property=\"og:image:height\" content=\"1365\" \/>\n\t<meta property=\"og:image:type\" content=\"image\/jpeg\" \/>\n<meta name=\"twitter:card\" content=\"summary_large_image\" \/>\n<script type=\"application\/ld+json\" class=\"yoast-schema-graph\">{\"@context\":\"https:\/\/schema.org\",\"@graph\":[{\"@type\":\"WebSite\",\"@id\":\"https:\/\/le-grenier.org\/#website\",\"url\":\"https:\/\/le-grenier.org\/\",\"name\":\"Le Grenier - brocante et am\\u00e9nagement\",\"description\":\"\",\"potentialAction\":[{\"@type\":\"SearchAction\",\"target\":{\"@type\":\"EntryPoint\",\"urlTemplate\":\"https:\/\/le-grenier.org\/?s={search_term_string}\"},\"query-input\":\"required name=search_term_string\"}],\"inLanguage\":\"fr-FR\"},{\"@type\":\"ImageObject\",\"@id\":\"https:\/\/le-grenier.org\/index.php\/produit\/plaque-de-rue-3\/#primaryimage\",\"inLanguage\":\"fr-FR\",\"url\":\"https:\/\/le-grenier.org\/wp-content\/uploads\/2021\/11\/F33FBB07-479C-4A61-A444-1DD27B744CC2.jpeg\",\"contentUrl\":\"https:\/\/le-grenier.org\/wp-content\/uploads\/2021\/11\/F33FBB07-479C-4A61-A444-1DD27B744CC2.jpeg\",\"width\":1435,\"height\":1365},{\"@type\":\"WebPage\",\"@id\":\"https:\/\/le-grenier.org\/index.php\/produit\/plaque-de-rue-3\/#webpage\",\"url\":\"https:\/\/le-grenier.org\/index.php\/produit\/plaque-de-rue-3\/\",\"name\":\"Plaque de rue - Le Grenier - brocante et am\\u00e9nagement\",\"isPartOf\":{\"@id\":\"https:\/\/le-grenier.org\/#website\"},\"primaryImageOfPage\":{\"@id\":\"https:\/\/le-grenier.org\/index.php\/produit\/plaque-de-rue-3\/#primaryimage\"},\"datePublished\":\"2021-11-10T09:12:26+00:00\",\"dateModified\":\"2022-04-09T20:10:31+00:00\",\"breadcrumb\":{\"@id\":\"https:\/\/le-grenier.org\/index.php\/produit\/plaque-de-rue-3\/#breadcrumb\"},\"inLanguage\":\"fr-FR\",\"potentialAction\":[{\"@type\":\"ReadAction\",\"target\":[\"https:\/\/le-grenier.org\/index.php\/produit\/plaque-de-rue-3\/\"]}]},{\"@type\":\"BreadcrumbList\",\"@id\":\"https:\/\/le-grenier.org\/index.php\/produit\/plaque-de-rue-3\/#breadcrumb\",\"itemListElement\":[{\"@type\":\"ListItem\",\"position\":1,\"name\":\"Accueil\",\"item\":\"https:\/\/le-grenier.org\/\"},{\"@type\":\"ListItem\",\"position\":2,\"name\":\"Boutique en ligne\",\"item\":\"https:\/\/le-grenier.org\/\"},{\"@type\":\"ListItem\",\"position\":3,\"name\":\"Plaque de rue\"}]}]}<\/script>\n<!-- \/ Yoast SEO plugin. -->","yoast_head_json":{"title":"Plaque de rue - Le Grenier - brocante et am\u00e9nagement","robots":{"index":"index","follow":"follow","max-snippet":"max-snippet:-1","max-image-preview":"max-image-preview:large","max-video-preview":"max-video-preview:-1"},"canonical":"https:\/\/le-grenier.org\/index.php\/produit\/plaque-de-rue-3\/","og_locale":"fr_FR","og_type":"article","og_title":"Plaque de rue - Le Grenier - brocante et am\u00e9nagement","og_description":"V\u00e9ritable plaque de rue en m\u00e9tal \u00e9maill\u00e9&nbsp;  &nbsp;  Georges Lyssandre N\u00e9 le 1er mai 1897 \u00e0 Chasseneuil-sur-Bonnieure (Charente), mort le 30 septembre 1977 \u00e0 Bondy (Seine-Saint-Denis) ; conseiller municipal socialiste de Bondy. Fils d\u2019un boulanger et d\u2019une tailleuse, Georges Lyssandre \u00e9tait clerc de notaire \u00e0 Paris. Directeur de l\u2019Harmonie municipale de Bondy (Seine), il fut \u00e9lu, le 12 mai 1935, conseiller municipal socialiste SFIO sur une liste de coalition \u00e0 direction communiste (voir Varagnat Henri*).  \u00c0 la Lib\u00e9ration, il fit partie, au nom de la SFIO, du conseil municipal provisoire selon l\u2019arr\u00eat\u00e9 du 4 novembre 1944.  Mari\u00e9 en 1922 \u00e0 La Rochefoucauld (Charente) avec une institutrice, il mourut le 30 septembre 1977 \u00e0 Bondy. Il \u00e9tait titulaire de la Croix de guerre 1914-1918.","og_url":"https:\/\/le-grenier.org\/index.php\/produit\/plaque-de-rue-3\/","og_site_name":"Le Grenier - brocante et am\u00e9nagement","article_modified_time":"2022-04-09T20:10:31+00:00","og_image":[{"width":1435,"height":1365,"url":"http:\/\/le-grenier.org\/wp-content\/uploads\/2021\/11\/F33FBB07-479C-4A61-A444-1DD27B744CC2.jpeg","type":"image\/jpeg"}],"twitter_card":"summary_large_image","schema":{"@context":"https:\/\/schema.org","@graph":[{"@type":"WebSite","@id":"https:\/\/le-grenier.org\/#website","url":"https:\/\/le-grenier.org\/","name":"Le Grenier - brocante et am\u00e9nagement","description":"","potentialAction":[{"@type":"SearchAction","target":{"@type":"EntryPoint","urlTemplate":"https:\/\/le-grenier.org\/?s={search_term_string}"},"query-input":"required name=search_term_string"}],"inLanguage":"fr-FR"},{"@type":"ImageObject","@id":"https:\/\/le-grenier.org\/index.php\/produit\/plaque-de-rue-3\/#primaryimage","inLanguage":"fr-FR","url":"https:\/\/le-grenier.org\/wp-content\/uploads\/2021\/11\/F33FBB07-479C-4A61-A444-1DD27B744CC2.jpeg","contentUrl":"https:\/\/le-grenier.org\/wp-content\/uploads\/2021\/11\/F33FBB07-479C-4A61-A444-1DD27B744CC2.jpeg","width":1435,"height":1365},{"@type":"WebPage","@id":"https:\/\/le-grenier.org\/index.php\/produit\/plaque-de-rue-3\/#webpage","url":"https:\/\/le-grenier.org\/index.php\/produit\/plaque-de-rue-3\/","name":"Plaque de rue - Le Grenier - brocante et am\u00e9nagement","isPartOf":{"@id":"https:\/\/le-grenier.org\/#website"},"primaryImageOfPage":{"@id":"https:\/\/le-grenier.org\/index.php\/produit\/plaque-de-rue-3\/#primaryimage"},"datePublished":"2021-11-10T09:12:26+00:00","dateModified":"2022-04-09T20:10:31+00:00","breadcrumb":{"@id":"https:\/\/le-grenier.org\/index.php\/produit\/plaque-de-rue-3\/#breadcrumb"},"inLanguage":"fr-FR","potentialAction":[{"@type":"ReadAction","target":["https:\/\/le-grenier.org\/index.php\/produit\/plaque-de-rue-3\/"]}]},{"@type":"BreadcrumbList","@id":"https:\/\/le-grenier.org\/index.php\/produit\/plaque-de-rue-3\/#breadcrumb","itemListElement":[{"@type":"ListItem","position":1,"name":"Accueil","item":"https:\/\/le-grenier.org\/"},{"@type":"ListItem","position":2,"name":"Boutique en ligne","item":"https:\/\/le-grenier.org\/"},{"@type":"ListItem","position":3,"name":"Plaque de rue"}]}]}},"_links":{"self":[{"href":"https:\/\/le-grenier.org\/index.php\/wp-json\/wp\/v2\/product\/48145"}],"collection":[{"href":"https:\/\/le-grenier.org\/index.php\/wp-json\/wp\/v2\/product"}],"about":[{"href":"https:\/\/le-grenier.org\/index.php\/wp-json\/wp\/v2\/types\/product"}],"wp:featuredmedia":[{"embeddable":true,"href":"https:\/\/le-grenier.org\/index.php\/wp-json\/wp\/v2\/media\/48163"}],"wp:attachment":[{"href":"https:\/\/le-grenier.org\/index.php\/wp-json\/wp\/v2\/media?parent=48145"}],"wp:term":[{"taxonomy":"product_cat","embeddable":true,"href":"https:\/\/le-grenier.org\/index.php\/wp-json\/wp\/v2\/product_cat?post=48145"},{"taxonomy":"product_tag","embeddable":true,"href":"https:\/\/le-grenier.org\/index.php\/wp-json\/wp\/v2\/product_tag?post=48145"}],"curies":[{"name":"wp","href":"https:\/\/api.w.org\/{rel}","templated":true}]}}