{"id":53690,"date":"2022-10-13T18:02:37","date_gmt":"2022-10-13T16:02:37","guid":{"rendered":"https:\/\/le-grenier.org\/?post_type=product&#038;p=53690"},"modified":"2023-08-20T14:04:28","modified_gmt":"2023-08-20T12:04:28","slug":"lampe-art-deco","status":"publish","type":"product","link":"https:\/\/le-grenier.org\/index.php\/produit\/lampe-art-deco\/","title":{"rendered":"Lampe Art D\u00e9co"},"content":{"rendered":"","protected":false},"excerpt":{"rendered":"<p>Lampe Art D\u00e9co en m\u00e9tal argent\u00e9<br \/>\nGlobe en opaline verte en excellent \u00e9tat<\/p>\n<p>pied et t\u00eate amovibles<\/p>\n<p>hauteur du pied 60cm<\/p>\n<p>Diam\u00e8tre du globe 15cm<\/p>\n<p>Ampoule \u00e0 ba\u00efonnette, douille en laiton et porcelaine d\u2019origine&nbsp;<\/p>\n<p>Cable \u00e9lectrique neuf&nbsp;<\/p>\n<p>exp\u00e9dition rapide et soign\u00e9e&nbsp;<\/p>\n","protected":false},"featured_media":53721,"template":"","meta":{"ngg_post_thumbnail":0},"product_cat":[40],"product_tag":[],"yoast_head":"<!-- This site is optimized with the Yoast SEO plugin v17.9 - https:\/\/yoast.com\/wordpress\/plugins\/seo\/ -->\n<title>Lampe Art D\u00e9co - Le Grenier - brocante et am\u00e9nagement<\/title>\n<meta name=\"robots\" content=\"index, follow, max-snippet:-1, max-image-preview:large, max-video-preview:-1\" \/>\n<link rel=\"canonical\" href=\"https:\/\/le-grenier.org\/index.php\/produit\/lampe-art-deco\/\" \/>\n<meta property=\"og:locale\" content=\"fr_FR\" \/>\n<meta property=\"og:type\" content=\"article\" \/>\n<meta property=\"og:title\" content=\"Lampe Art D\u00e9co - Le Grenier - brocante et am\u00e9nagement\" \/>\n<meta property=\"og:description\" content=\"Lampe Art D\u00e9co en m\u00e9tal argent\u00e9 Globe en opaline verte en excellent \u00e9tat  pied et t\u00eate amovibles  hauteur du pied 60cm  Diam\u00e8tre du globe 15cm  Ampoule \u00e0 ba\u00efonnette, douille en laiton et porcelaine d\u2019origine&nbsp;  Cable \u00e9lectrique neuf&nbsp;  exp\u00e9dition rapide et soign\u00e9e&nbsp;\" \/>\n<meta property=\"og:url\" content=\"https:\/\/le-grenier.org\/index.php\/produit\/lampe-art-deco\/\" \/>\n<meta property=\"og:site_name\" content=\"Le Grenier - brocante et am\u00e9nagement\" \/>\n<meta property=\"article:modified_time\" content=\"2023-08-20T12:04:28+00:00\" \/>\n<meta property=\"og:image\" content=\"http:\/\/le-grenier.org\/wp-content\/uploads\/2022\/10\/A2E00DD5-A933-4C12-9028-C5FA5DDF5101.jpeg\" \/>\n\t<meta property=\"og:image:width\" content=\"1309\" \/>\n\t<meta property=\"og:image:height\" content=\"1324\" \/>\n\t<meta property=\"og:image:type\" content=\"image\/jpeg\" \/>\n<meta name=\"twitter:card\" content=\"summary_large_image\" \/>\n<script type=\"application\/ld+json\" class=\"yoast-schema-graph\">{\"@context\":\"https:\/\/schema.org\",\"@graph\":[{\"@type\":\"WebSite\",\"@id\":\"https:\/\/le-grenier.org\/#website\",\"url\":\"https:\/\/le-grenier.org\/\",\"name\":\"Le Grenier - brocante et am\\u00e9nagement\",\"description\":\"\",\"potentialAction\":[{\"@type\":\"SearchAction\",\"target\":{\"@type\":\"EntryPoint\",\"urlTemplate\":\"https:\/\/le-grenier.org\/?s={search_term_string}\"},\"query-input\":\"required name=search_term_string\"}],\"inLanguage\":\"fr-FR\"},{\"@type\":\"ImageObject\",\"@id\":\"https:\/\/le-grenier.org\/index.php\/produit\/lampe-art-deco\/#primaryimage\",\"inLanguage\":\"fr-FR\",\"url\":\"https:\/\/le-grenier.org\/wp-content\/uploads\/2022\/10\/A2E00DD5-A933-4C12-9028-C5FA5DDF5101.jpeg\",\"contentUrl\":\"https:\/\/le-grenier.org\/wp-content\/uploads\/2022\/10\/A2E00DD5-A933-4C12-9028-C5FA5DDF5101.jpeg\",\"width\":1309,\"height\":1324},{\"@type\":\"WebPage\",\"@id\":\"https:\/\/le-grenier.org\/index.php\/produit\/lampe-art-deco\/#webpage\",\"url\":\"https:\/\/le-grenier.org\/index.php\/produit\/lampe-art-deco\/\",\"name\":\"Lampe Art D\\u00e9co - Le Grenier - brocante et am\\u00e9nagement\",\"isPartOf\":{\"@id\":\"https:\/\/le-grenier.org\/#website\"},\"primaryImageOfPage\":{\"@id\":\"https:\/\/le-grenier.org\/index.php\/produit\/lampe-art-deco\/#primaryimage\"},\"datePublished\":\"2022-10-13T16:02:37+00:00\",\"dateModified\":\"2023-08-20T12:04:28+00:00\",\"breadcrumb\":{\"@id\":\"https:\/\/le-grenier.org\/index.php\/produit\/lampe-art-deco\/#breadcrumb\"},\"inLanguage\":\"fr-FR\",\"potentialAction\":[{\"@type\":\"ReadAction\",\"target\":[\"https:\/\/le-grenier.org\/index.php\/produit\/lampe-art-deco\/\"]}]},{\"@type\":\"BreadcrumbList\",\"@id\":\"https:\/\/le-grenier.org\/index.php\/produit\/lampe-art-deco\/#breadcrumb\",\"itemListElement\":[{\"@type\":\"ListItem\",\"position\":1,\"name\":\"Accueil\",\"item\":\"https:\/\/le-grenier.org\/\"},{\"@type\":\"ListItem\",\"position\":2,\"name\":\"Boutique en ligne\",\"item\":\"https:\/\/le-grenier.org\/\"},{\"@type\":\"ListItem\",\"position\":3,\"name\":\"Lampe Art D\\u00e9co\"}]}]}<\/script>\n<!-- \/ Yoast SEO plugin. -->","yoast_head_json":{"title":"Lampe Art D\u00e9co - Le Grenier - brocante et am\u00e9nagement","robots":{"index":"index","follow":"follow","max-snippet":"max-snippet:-1","max-image-preview":"max-image-preview:large","max-video-preview":"max-video-preview:-1"},"canonical":"https:\/\/le-grenier.org\/index.php\/produit\/lampe-art-deco\/","og_locale":"fr_FR","og_type":"article","og_title":"Lampe Art D\u00e9co - Le Grenier - brocante et am\u00e9nagement","og_description":"Lampe Art D\u00e9co en m\u00e9tal argent\u00e9 Globe en opaline verte en excellent \u00e9tat  pied et t\u00eate amovibles  hauteur du pied 60cm  Diam\u00e8tre du globe 15cm  Ampoule \u00e0 ba\u00efonnette, douille en laiton et porcelaine d\u2019origine&nbsp;  Cable \u00e9lectrique neuf&nbsp;  exp\u00e9dition rapide et soign\u00e9e&nbsp;","og_url":"https:\/\/le-grenier.org\/index.php\/produit\/lampe-art-deco\/","og_site_name":"Le Grenier - brocante et am\u00e9nagement","article_modified_time":"2023-08-20T12:04:28+00:00","og_image":[{"width":1309,"height":1324,"url":"http:\/\/le-grenier.org\/wp-content\/uploads\/2022\/10\/A2E00DD5-A933-4C12-9028-C5FA5DDF5101.jpeg","type":"image\/jpeg"}],"twitter_card":"summary_large_image","schema":{"@context":"https:\/\/schema.org","@graph":[{"@type":"WebSite","@id":"https:\/\/le-grenier.org\/#website","url":"https:\/\/le-grenier.org\/","name":"Le Grenier - brocante et am\u00e9nagement","description":"","potentialAction":[{"@type":"SearchAction","target":{"@type":"EntryPoint","urlTemplate":"https:\/\/le-grenier.org\/?s={search_term_string}"},"query-input":"required name=search_term_string"}],"inLanguage":"fr-FR"},{"@type":"ImageObject","@id":"https:\/\/le-grenier.org\/index.php\/produit\/lampe-art-deco\/#primaryimage","inLanguage":"fr-FR","url":"https:\/\/le-grenier.org\/wp-content\/uploads\/2022\/10\/A2E00DD5-A933-4C12-9028-C5FA5DDF5101.jpeg","contentUrl":"https:\/\/le-grenier.org\/wp-content\/uploads\/2022\/10\/A2E00DD5-A933-4C12-9028-C5FA5DDF5101.jpeg","width":1309,"height":1324},{"@type":"WebPage","@id":"https:\/\/le-grenier.org\/index.php\/produit\/lampe-art-deco\/#webpage","url":"https:\/\/le-grenier.org\/index.php\/produit\/lampe-art-deco\/","name":"Lampe Art D\u00e9co - Le Grenier - brocante et am\u00e9nagement","isPartOf":{"@id":"https:\/\/le-grenier.org\/#website"},"primaryImageOfPage":{"@id":"https:\/\/le-grenier.org\/index.php\/produit\/lampe-art-deco\/#primaryimage"},"datePublished":"2022-10-13T16:02:37+00:00","dateModified":"2023-08-20T12:04:28+00:00","breadcrumb":{"@id":"https:\/\/le-grenier.org\/index.php\/produit\/lampe-art-deco\/#breadcrumb"},"inLanguage":"fr-FR","potentialAction":[{"@type":"ReadAction","target":["https:\/\/le-grenier.org\/index.php\/produit\/lampe-art-deco\/"]}]},{"@type":"BreadcrumbList","@id":"https:\/\/le-grenier.org\/index.php\/produit\/lampe-art-deco\/#breadcrumb","itemListElement":[{"@type":"ListItem","position":1,"name":"Accueil","item":"https:\/\/le-grenier.org\/"},{"@type":"ListItem","position":2,"name":"Boutique en ligne","item":"https:\/\/le-grenier.org\/"},{"@type":"ListItem","position":3,"name":"Lampe Art D\u00e9co"}]}]}},"_links":{"self":[{"href":"https:\/\/le-grenier.org\/index.php\/wp-json\/wp\/v2\/product\/53690"}],"collection":[{"href":"https:\/\/le-grenier.org\/index.php\/wp-json\/wp\/v2\/product"}],"about":[{"href":"https:\/\/le-grenier.org\/index.php\/wp-json\/wp\/v2\/types\/product"}],"wp:featuredmedia":[{"embeddable":true,"href":"https:\/\/le-grenier.org\/index.php\/wp-json\/wp\/v2\/media\/53721"}],"wp:attachment":[{"href":"https:\/\/le-grenier.org\/index.php\/wp-json\/wp\/v2\/media?parent=53690"}],"wp:term":[{"taxonomy":"product_cat","embeddable":true,"href":"https:\/\/le-grenier.org\/index.php\/wp-json\/wp\/v2\/product_cat?post=53690"},{"taxonomy":"product_tag","embeddable":true,"href":"https:\/\/le-grenier.org\/index.php\/wp-json\/wp\/v2\/product_tag?post=53690"}],"curies":[{"name":"wp","href":"https:\/\/api.w.org\/{rel}","templated":true}]}}