{"id":54825,"date":"2023-05-15T10:28:41","date_gmt":"2023-05-15T08:28:41","guid":{"rendered":"https:\/\/le-grenier.org\/?post_type=product&#038;p=54825"},"modified":"2026-01-13T11:39:17","modified_gmt":"2026-01-13T10:39:17","slug":"carte-amerique-du-nord","status":"publish","type":"product","link":"https:\/\/le-grenier.org\/index.php\/produit\/carte-amerique-du-nord\/","title":{"rendered":"Carte Am\u00e9rique du Nord"},"content":{"rendered":"","protected":false},"excerpt":{"rendered":"<p>Carte g\u00e9ographique de 1977<br \/>\nLibraire Hatier<br \/>\nAm\u00e9rique du Nord et Am\u00e9rique Centrale relief au recto et politique au verso<\/p>\n<p>Bon \u00e9tat g\u00e9n\u00e9ral , belles couleurs<br \/>\n110cmx90cm<\/p>\n<p>Envoy\u00e9e roul\u00e9e<\/p>\n<p>&nbsp;<\/p>\n<p>&nbsp;<\/p>\n<p>&nbsp;<\/p>\n","protected":false},"featured_media":54827,"template":"","meta":{"ngg_post_thumbnail":0},"product_cat":[39,55,23,26],"product_tag":[],"yoast_head":"<!-- This site is optimized with the Yoast SEO plugin v17.9 - https:\/\/yoast.com\/wordpress\/plugins\/seo\/ -->\n<title>Carte Am\u00e9rique du Nord - Le Grenier - brocante et am\u00e9nagement<\/title>\n<meta name=\"robots\" content=\"index, follow, max-snippet:-1, max-image-preview:large, max-video-preview:-1\" \/>\n<link rel=\"canonical\" href=\"https:\/\/le-grenier.org\/index.php\/produit\/carte-amerique-du-nord\/\" \/>\n<meta property=\"og:locale\" content=\"fr_FR\" \/>\n<meta property=\"og:type\" content=\"article\" \/>\n<meta property=\"og:title\" content=\"Carte Am\u00e9rique du Nord - Le Grenier - brocante et am\u00e9nagement\" \/>\n<meta property=\"og:description\" content=\"Carte g\u00e9ographique de 1977 Libraire Hatier Am\u00e9rique du Nord et Am\u00e9rique Centrale relief au recto et politique au verso  Bon \u00e9tat g\u00e9n\u00e9ral , belles couleurs 110cmx90cm  Envoy\u00e9e roul\u00e9e  &nbsp;  &nbsp;  &nbsp;\" \/>\n<meta property=\"og:url\" content=\"https:\/\/le-grenier.org\/index.php\/produit\/carte-amerique-du-nord\/\" \/>\n<meta property=\"og:site_name\" content=\"Le Grenier - brocante et am\u00e9nagement\" \/>\n<meta property=\"article:modified_time\" content=\"2026-01-13T10:39:17+00:00\" \/>\n<meta property=\"og:image\" content=\"http:\/\/le-grenier.org\/wp-content\/uploads\/2023\/05\/6BCAEE41-0E09-4368-9938-DCEE37CD4A18.jpeg\" \/>\n\t<meta property=\"og:image:width\" content=\"847\" \/>\n\t<meta property=\"og:image:height\" content=\"635\" \/>\n\t<meta property=\"og:image:type\" content=\"image\/jpeg\" \/>\n<meta name=\"twitter:card\" content=\"summary_large_image\" \/>\n<script type=\"application\/ld+json\" class=\"yoast-schema-graph\">{\"@context\":\"https:\/\/schema.org\",\"@graph\":[{\"@type\":\"WebSite\",\"@id\":\"https:\/\/le-grenier.org\/#website\",\"url\":\"https:\/\/le-grenier.org\/\",\"name\":\"Le Grenier - brocante et am\\u00e9nagement\",\"description\":\"\",\"potentialAction\":[{\"@type\":\"SearchAction\",\"target\":{\"@type\":\"EntryPoint\",\"urlTemplate\":\"https:\/\/le-grenier.org\/?s={search_term_string}\"},\"query-input\":\"required name=search_term_string\"}],\"inLanguage\":\"fr-FR\"},{\"@type\":\"ImageObject\",\"@id\":\"https:\/\/le-grenier.org\/index.php\/produit\/carte-amerique-du-nord\/#primaryimage\",\"inLanguage\":\"fr-FR\",\"url\":\"https:\/\/le-grenier.org\/wp-content\/uploads\/2023\/05\/6BCAEE41-0E09-4368-9938-DCEE37CD4A18.jpeg\",\"contentUrl\":\"https:\/\/le-grenier.org\/wp-content\/uploads\/2023\/05\/6BCAEE41-0E09-4368-9938-DCEE37CD4A18.jpeg\",\"width\":847,\"height\":635},{\"@type\":\"WebPage\",\"@id\":\"https:\/\/le-grenier.org\/index.php\/produit\/carte-amerique-du-nord\/#webpage\",\"url\":\"https:\/\/le-grenier.org\/index.php\/produit\/carte-amerique-du-nord\/\",\"name\":\"Carte Am\\u00e9rique du Nord - Le Grenier - brocante et am\\u00e9nagement\",\"isPartOf\":{\"@id\":\"https:\/\/le-grenier.org\/#website\"},\"primaryImageOfPage\":{\"@id\":\"https:\/\/le-grenier.org\/index.php\/produit\/carte-amerique-du-nord\/#primaryimage\"},\"datePublished\":\"2023-05-15T08:28:41+00:00\",\"dateModified\":\"2026-01-13T10:39:17+00:00\",\"breadcrumb\":{\"@id\":\"https:\/\/le-grenier.org\/index.php\/produit\/carte-amerique-du-nord\/#breadcrumb\"},\"inLanguage\":\"fr-FR\",\"potentialAction\":[{\"@type\":\"ReadAction\",\"target\":[\"https:\/\/le-grenier.org\/index.php\/produit\/carte-amerique-du-nord\/\"]}]},{\"@type\":\"BreadcrumbList\",\"@id\":\"https:\/\/le-grenier.org\/index.php\/produit\/carte-amerique-du-nord\/#breadcrumb\",\"itemListElement\":[{\"@type\":\"ListItem\",\"position\":1,\"name\":\"Accueil\",\"item\":\"https:\/\/le-grenier.org\/\"},{\"@type\":\"ListItem\",\"position\":2,\"name\":\"Boutique en ligne\",\"item\":\"https:\/\/le-grenier.org\/\"},{\"@type\":\"ListItem\",\"position\":3,\"name\":\"Carte Am\\u00e9rique du Nord\"}]}]}<\/script>\n<!-- \/ Yoast SEO plugin. -->","yoast_head_json":{"title":"Carte Am\u00e9rique du Nord - Le Grenier - brocante et am\u00e9nagement","robots":{"index":"index","follow":"follow","max-snippet":"max-snippet:-1","max-image-preview":"max-image-preview:large","max-video-preview":"max-video-preview:-1"},"canonical":"https:\/\/le-grenier.org\/index.php\/produit\/carte-amerique-du-nord\/","og_locale":"fr_FR","og_type":"article","og_title":"Carte Am\u00e9rique du Nord - Le Grenier - brocante et am\u00e9nagement","og_description":"Carte g\u00e9ographique de 1977 Libraire Hatier Am\u00e9rique du Nord et Am\u00e9rique Centrale relief au recto et politique au verso  Bon \u00e9tat g\u00e9n\u00e9ral , belles couleurs 110cmx90cm  Envoy\u00e9e roul\u00e9e  &nbsp;  &nbsp;  &nbsp;","og_url":"https:\/\/le-grenier.org\/index.php\/produit\/carte-amerique-du-nord\/","og_site_name":"Le Grenier - brocante et am\u00e9nagement","article_modified_time":"2026-01-13T10:39:17+00:00","og_image":[{"width":847,"height":635,"url":"http:\/\/le-grenier.org\/wp-content\/uploads\/2023\/05\/6BCAEE41-0E09-4368-9938-DCEE37CD4A18.jpeg","type":"image\/jpeg"}],"twitter_card":"summary_large_image","schema":{"@context":"https:\/\/schema.org","@graph":[{"@type":"WebSite","@id":"https:\/\/le-grenier.org\/#website","url":"https:\/\/le-grenier.org\/","name":"Le Grenier - brocante et am\u00e9nagement","description":"","potentialAction":[{"@type":"SearchAction","target":{"@type":"EntryPoint","urlTemplate":"https:\/\/le-grenier.org\/?s={search_term_string}"},"query-input":"required name=search_term_string"}],"inLanguage":"fr-FR"},{"@type":"ImageObject","@id":"https:\/\/le-grenier.org\/index.php\/produit\/carte-amerique-du-nord\/#primaryimage","inLanguage":"fr-FR","url":"https:\/\/le-grenier.org\/wp-content\/uploads\/2023\/05\/6BCAEE41-0E09-4368-9938-DCEE37CD4A18.jpeg","contentUrl":"https:\/\/le-grenier.org\/wp-content\/uploads\/2023\/05\/6BCAEE41-0E09-4368-9938-DCEE37CD4A18.jpeg","width":847,"height":635},{"@type":"WebPage","@id":"https:\/\/le-grenier.org\/index.php\/produit\/carte-amerique-du-nord\/#webpage","url":"https:\/\/le-grenier.org\/index.php\/produit\/carte-amerique-du-nord\/","name":"Carte Am\u00e9rique du Nord - Le Grenier - brocante et am\u00e9nagement","isPartOf":{"@id":"https:\/\/le-grenier.org\/#website"},"primaryImageOfPage":{"@id":"https:\/\/le-grenier.org\/index.php\/produit\/carte-amerique-du-nord\/#primaryimage"},"datePublished":"2023-05-15T08:28:41+00:00","dateModified":"2026-01-13T10:39:17+00:00","breadcrumb":{"@id":"https:\/\/le-grenier.org\/index.php\/produit\/carte-amerique-du-nord\/#breadcrumb"},"inLanguage":"fr-FR","potentialAction":[{"@type":"ReadAction","target":["https:\/\/le-grenier.org\/index.php\/produit\/carte-amerique-du-nord\/"]}]},{"@type":"BreadcrumbList","@id":"https:\/\/le-grenier.org\/index.php\/produit\/carte-amerique-du-nord\/#breadcrumb","itemListElement":[{"@type":"ListItem","position":1,"name":"Accueil","item":"https:\/\/le-grenier.org\/"},{"@type":"ListItem","position":2,"name":"Boutique en ligne","item":"https:\/\/le-grenier.org\/"},{"@type":"ListItem","position":3,"name":"Carte Am\u00e9rique du Nord"}]}]}},"_links":{"self":[{"href":"https:\/\/le-grenier.org\/index.php\/wp-json\/wp\/v2\/product\/54825"}],"collection":[{"href":"https:\/\/le-grenier.org\/index.php\/wp-json\/wp\/v2\/product"}],"about":[{"href":"https:\/\/le-grenier.org\/index.php\/wp-json\/wp\/v2\/types\/product"}],"wp:featuredmedia":[{"embeddable":true,"href":"https:\/\/le-grenier.org\/index.php\/wp-json\/wp\/v2\/media\/54827"}],"wp:attachment":[{"href":"https:\/\/le-grenier.org\/index.php\/wp-json\/wp\/v2\/media?parent=54825"}],"wp:term":[{"taxonomy":"product_cat","embeddable":true,"href":"https:\/\/le-grenier.org\/index.php\/wp-json\/wp\/v2\/product_cat?post=54825"},{"taxonomy":"product_tag","embeddable":true,"href":"https:\/\/le-grenier.org\/index.php\/wp-json\/wp\/v2\/product_tag?post=54825"}],"curies":[{"name":"wp","href":"https:\/\/api.w.org\/{rel}","templated":true}]}}