{"id":55428,"date":"2023-08-20T13:51:47","date_gmt":"2023-08-20T11:51:47","guid":{"rendered":"https:\/\/le-grenier.org\/index.php\/produit\/plaque-biere-amos\/"},"modified":"2025-06-26T18:33:51","modified_gmt":"2025-06-26T16:33:51","slug":"plaque-biere-amos","status":"publish","type":"product","link":"https:\/\/le-grenier.org\/index.php\/produit\/plaque-biere-amos\/","title":{"rendered":"Plaque bi\u00e8re Amos"},"content":{"rendered":"<p>Plaque en t\u00f4le bi\u00e8re de Metz Amos ann\u00e9es 40<\/p>\n<p>Dimensions : H80 x L50cm<\/p>\n<p>Trous d\u2019accroche en haut et au milieu<\/p>\n<p>Traces du temps<\/p>\n<p>\u2014-<\/p>\n<p>\ud83d\udca1 La Brasserie Amos \u2013 Metz \u2013 1868\/1992<\/p>\n<p>De Gustave Amos \u00e0 G\u00e9rard Frantz la personnalit\u00e9 des dirigeants d\u2019Amos a \u00e9t\u00e9 d\u00e9terminante. Esprit pionnier et de d\u00e9veloppement pour les uns, clairvoyance et volont\u00e9 d\u2019adaptation aux r\u00e9alit\u00e9s du march\u00e9 pour les autres, pendant plus de 120 ans ils ont su donner \u00e0 Metz sa Brasserie. Nous vous proposons de d\u00e9couvrir cette galerie de portraits,  quelques images de la vie d\u2019Amos et une s\u00e9rie d\u2019objets publicitaires. Cet hommage serait incomplet s\u2019il ne saluait pas en m\u00eame temps les milliers d\u2019ouvriers, brasseurs et employ\u00e9s qui ont \u00e9t\u00e9 les ferments naturels d\u2019une entreprise dont le nom restera attach\u00e9 \u00e0 Metz.<\/p>\n<p>Troisi\u00e8me enfant d\u2019une famille en comptant huit, Gustave Amos est n\u00e9 \u00e0 Wasselone en 1840. Son p\u00e8re Jean exploite successivement une fabrique de chandelles, puis de savon. Tr\u00e8s jeune Gustave s\u2019initie aux techniques de brassage chez son oncle Edouard, brasseur \u00e0 Wasselone.<\/p>\n<p>Il va faire de ce m\u00e9tier son destin. Apr\u00e8s un tour de France au cours duquel il se perfectionne aux techniques de brassage, Gustave s\u2019installe \u00e0 Metz en 1868. Il loue pour trois ans, puis rach\u00e8te \u00e0 Jean-Baptiste Reinert, la brasserie situ\u00e9e \u00e0 l\u2019angle des rues Hollandre-Piquemal et d\u2019Heltz, face \u00e0 l\u2019h\u00f4pitale Belle-Isle. Les lieux deviennent rapidement trop exigus et, en1874,  la brasserie se d\u00e9place au Sablon.<\/p>\n","protected":false},"excerpt":{"rendered":"<p>Plaque en t\u00f4le bi\u00e8re de Metz Amos ann\u00e9es 40 Dimensions : H80 x L50cm Trous d\u2019accroche en haut et au&hellip;<\/p>\n","protected":false},"featured_media":55429,"template":"","meta":{"ngg_post_thumbnail":0},"product_cat":[39,55,23],"product_tag":[],"yoast_head":"<!-- This site is optimized with the Yoast SEO plugin v17.9 - https:\/\/yoast.com\/wordpress\/plugins\/seo\/ -->\n<title>Plaque bi\u00e8re Amos - Le Grenier - brocante et am\u00e9nagement<\/title>\n<meta name=\"robots\" content=\"index, follow, max-snippet:-1, max-image-preview:large, max-video-preview:-1\" \/>\n<link rel=\"canonical\" href=\"https:\/\/le-grenier.org\/index.php\/produit\/plaque-biere-amos\/\" \/>\n<meta property=\"og:locale\" content=\"fr_FR\" \/>\n<meta property=\"og:type\" content=\"article\" \/>\n<meta property=\"og:title\" content=\"Plaque bi\u00e8re Amos - Le Grenier - brocante et am\u00e9nagement\" \/>\n<meta property=\"og:description\" content=\"Plaque en t\u00f4le bi\u00e8re de Metz Amos ann\u00e9es 40 Dimensions : H80 x L50cm Trous d\u2019accroche en haut et au&hellip;\" \/>\n<meta property=\"og:url\" content=\"https:\/\/le-grenier.org\/index.php\/produit\/plaque-biere-amos\/\" \/>\n<meta property=\"og:site_name\" content=\"Le Grenier - brocante et am\u00e9nagement\" \/>\n<meta property=\"article:modified_time\" content=\"2025-06-26T16:33:51+00:00\" \/>\n<meta name=\"twitter:card\" content=\"summary_large_image\" \/>\n<meta name=\"twitter:label1\" content=\"Dur\u00e9e de lecture estim\u00e9e\" \/>\n\t<meta name=\"twitter:data1\" content=\"1 minute\" \/>\n<script type=\"application\/ld+json\" class=\"yoast-schema-graph\">{\"@context\":\"https:\/\/schema.org\",\"@graph\":[{\"@type\":\"WebSite\",\"@id\":\"https:\/\/le-grenier.org\/#website\",\"url\":\"https:\/\/le-grenier.org\/\",\"name\":\"Le Grenier - brocante et am\\u00e9nagement\",\"description\":\"\",\"potentialAction\":[{\"@type\":\"SearchAction\",\"target\":{\"@type\":\"EntryPoint\",\"urlTemplate\":\"https:\/\/le-grenier.org\/?s={search_term_string}\"},\"query-input\":\"required name=search_term_string\"}],\"inLanguage\":\"fr-FR\"},{\"@type\":\"ImageObject\",\"@id\":\"https:\/\/le-grenier.org\/index.php\/produit\/plaque-biere-amos\/#primaryimage\",\"inLanguage\":\"fr-FR\",\"url\":\"https:\/\/le-grenier.org\/wp-content\/uploads\/2023\/08\/img_1805.jpeg\",\"contentUrl\":\"https:\/\/le-grenier.org\/wp-content\/uploads\/2023\/08\/img_1805.jpeg\",\"width\":408,\"height\":806},{\"@type\":\"WebPage\",\"@id\":\"https:\/\/le-grenier.org\/index.php\/produit\/plaque-biere-amos\/#webpage\",\"url\":\"https:\/\/le-grenier.org\/index.php\/produit\/plaque-biere-amos\/\",\"name\":\"Plaque bi\\u00e8re Amos - Le Grenier - brocante et am\\u00e9nagement\",\"isPartOf\":{\"@id\":\"https:\/\/le-grenier.org\/#website\"},\"primaryImageOfPage\":{\"@id\":\"https:\/\/le-grenier.org\/index.php\/produit\/plaque-biere-amos\/#primaryimage\"},\"datePublished\":\"2023-08-20T11:51:47+00:00\",\"dateModified\":\"2025-06-26T16:33:51+00:00\",\"breadcrumb\":{\"@id\":\"https:\/\/le-grenier.org\/index.php\/produit\/plaque-biere-amos\/#breadcrumb\"},\"inLanguage\":\"fr-FR\",\"potentialAction\":[{\"@type\":\"ReadAction\",\"target\":[\"https:\/\/le-grenier.org\/index.php\/produit\/plaque-biere-amos\/\"]}]},{\"@type\":\"BreadcrumbList\",\"@id\":\"https:\/\/le-grenier.org\/index.php\/produit\/plaque-biere-amos\/#breadcrumb\",\"itemListElement\":[{\"@type\":\"ListItem\",\"position\":1,\"name\":\"Accueil\",\"item\":\"https:\/\/le-grenier.org\/\"},{\"@type\":\"ListItem\",\"position\":2,\"name\":\"Boutique en ligne\",\"item\":\"https:\/\/le-grenier.org\/\"},{\"@type\":\"ListItem\",\"position\":3,\"name\":\"Plaque bi\\u00e8re Amos\"}]}]}<\/script>\n<!-- \/ Yoast SEO plugin. -->","yoast_head_json":{"title":"Plaque bi\u00e8re Amos - Le Grenier - brocante et am\u00e9nagement","robots":{"index":"index","follow":"follow","max-snippet":"max-snippet:-1","max-image-preview":"max-image-preview:large","max-video-preview":"max-video-preview:-1"},"canonical":"https:\/\/le-grenier.org\/index.php\/produit\/plaque-biere-amos\/","og_locale":"fr_FR","og_type":"article","og_title":"Plaque bi\u00e8re Amos - Le Grenier - brocante et am\u00e9nagement","og_description":"Plaque en t\u00f4le bi\u00e8re de Metz Amos ann\u00e9es 40 Dimensions : H80 x L50cm Trous d\u2019accroche en haut et au&hellip;","og_url":"https:\/\/le-grenier.org\/index.php\/produit\/plaque-biere-amos\/","og_site_name":"Le Grenier - brocante et am\u00e9nagement","article_modified_time":"2025-06-26T16:33:51+00:00","twitter_card":"summary_large_image","twitter_misc":{"Dur\u00e9e de lecture estim\u00e9e":"1 minute"},"schema":{"@context":"https:\/\/schema.org","@graph":[{"@type":"WebSite","@id":"https:\/\/le-grenier.org\/#website","url":"https:\/\/le-grenier.org\/","name":"Le Grenier - brocante et am\u00e9nagement","description":"","potentialAction":[{"@type":"SearchAction","target":{"@type":"EntryPoint","urlTemplate":"https:\/\/le-grenier.org\/?s={search_term_string}"},"query-input":"required name=search_term_string"}],"inLanguage":"fr-FR"},{"@type":"ImageObject","@id":"https:\/\/le-grenier.org\/index.php\/produit\/plaque-biere-amos\/#primaryimage","inLanguage":"fr-FR","url":"https:\/\/le-grenier.org\/wp-content\/uploads\/2023\/08\/img_1805.jpeg","contentUrl":"https:\/\/le-grenier.org\/wp-content\/uploads\/2023\/08\/img_1805.jpeg","width":408,"height":806},{"@type":"WebPage","@id":"https:\/\/le-grenier.org\/index.php\/produit\/plaque-biere-amos\/#webpage","url":"https:\/\/le-grenier.org\/index.php\/produit\/plaque-biere-amos\/","name":"Plaque bi\u00e8re Amos - Le Grenier - brocante et am\u00e9nagement","isPartOf":{"@id":"https:\/\/le-grenier.org\/#website"},"primaryImageOfPage":{"@id":"https:\/\/le-grenier.org\/index.php\/produit\/plaque-biere-amos\/#primaryimage"},"datePublished":"2023-08-20T11:51:47+00:00","dateModified":"2025-06-26T16:33:51+00:00","breadcrumb":{"@id":"https:\/\/le-grenier.org\/index.php\/produit\/plaque-biere-amos\/#breadcrumb"},"inLanguage":"fr-FR","potentialAction":[{"@type":"ReadAction","target":["https:\/\/le-grenier.org\/index.php\/produit\/plaque-biere-amos\/"]}]},{"@type":"BreadcrumbList","@id":"https:\/\/le-grenier.org\/index.php\/produit\/plaque-biere-amos\/#breadcrumb","itemListElement":[{"@type":"ListItem","position":1,"name":"Accueil","item":"https:\/\/le-grenier.org\/"},{"@type":"ListItem","position":2,"name":"Boutique en ligne","item":"https:\/\/le-grenier.org\/"},{"@type":"ListItem","position":3,"name":"Plaque bi\u00e8re Amos"}]}]}},"_links":{"self":[{"href":"https:\/\/le-grenier.org\/index.php\/wp-json\/wp\/v2\/product\/55428"}],"collection":[{"href":"https:\/\/le-grenier.org\/index.php\/wp-json\/wp\/v2\/product"}],"about":[{"href":"https:\/\/le-grenier.org\/index.php\/wp-json\/wp\/v2\/types\/product"}],"wp:featuredmedia":[{"embeddable":true,"href":"https:\/\/le-grenier.org\/index.php\/wp-json\/wp\/v2\/media\/55429"}],"wp:attachment":[{"href":"https:\/\/le-grenier.org\/index.php\/wp-json\/wp\/v2\/media?parent=55428"}],"wp:term":[{"taxonomy":"product_cat","embeddable":true,"href":"https:\/\/le-grenier.org\/index.php\/wp-json\/wp\/v2\/product_cat?post=55428"},{"taxonomy":"product_tag","embeddable":true,"href":"https:\/\/le-grenier.org\/index.php\/wp-json\/wp\/v2\/product_tag?post=55428"}],"curies":[{"name":"wp","href":"https:\/\/api.w.org\/{rel}","templated":true}]}}