{"id":55806,"date":"2023-10-26T22:42:02","date_gmt":"2023-10-26T20:42:02","guid":{"rendered":"https:\/\/le-grenier.org\/index.php\/produit\/cafetiere-4-tasses\/"},"modified":"2023-10-26T22:44:23","modified_gmt":"2023-10-26T20:44:23","slug":"cafetiere-4-tasses","status":"publish","type":"product","link":"https:\/\/le-grenier.org\/index.php\/produit\/cafetiere-4-tasses\/","title":{"rendered":"Cafeti\u00e8re 4 tasses"},"content":{"rendered":"<p>Cafeti\u00e8re \u00e0 d\u00e9pression Helem<br \/>\n4 tasses<br \/>\nVers 1960<\/p>\n<p>Verre Pyrex<\/p>\n<p>Excellent \u00e9tat<\/p>\n<p>\u2014<\/p>\n<p>Bienvenue dans l\u2019univers du \u00ab slow coffee \u00bb !<\/p>\n<p>Aux antipodes de la cafeti\u00e8re expresso, cet objet aussi \u00e9trange qu\u2019alambiqu\u00e9 \u00e9tonne toujours les n\u00e9ophytes. Compos\u00e9e de deux parties en verre, elle fait partie de la famille des cafeti\u00e8res \u00e0 filtres.<\/p>\n","protected":false},"excerpt":{"rendered":"<p>Cafeti\u00e8re \u00e0 d\u00e9pression Helem 4 tasses Vers 1960 Verre Pyrex Excellent \u00e9tat \u2014 Bienvenue dans l\u2019univers du \u00ab slow coffee&hellip;<\/p>\n","protected":false},"featured_media":55807,"template":"","meta":{"ngg_post_thumbnail":0},"product_cat":[23],"product_tag":[],"yoast_head":"<!-- This site is optimized with the Yoast SEO plugin v17.9 - https:\/\/yoast.com\/wordpress\/plugins\/seo\/ -->\n<title>Cafeti\u00e8re 4 tasses - Le Grenier - brocante et am\u00e9nagement<\/title>\n<meta name=\"robots\" content=\"index, follow, max-snippet:-1, max-image-preview:large, max-video-preview:-1\" \/>\n<link rel=\"canonical\" href=\"https:\/\/le-grenier.org\/index.php\/produit\/cafetiere-4-tasses\/\" \/>\n<meta property=\"og:locale\" content=\"fr_FR\" \/>\n<meta property=\"og:type\" content=\"article\" \/>\n<meta property=\"og:title\" content=\"Cafeti\u00e8re 4 tasses - Le Grenier - brocante et am\u00e9nagement\" \/>\n<meta property=\"og:description\" content=\"Cafeti\u00e8re \u00e0 d\u00e9pression Helem 4 tasses Vers 1960 Verre Pyrex Excellent \u00e9tat \u2014 Bienvenue dans l\u2019univers du \u00ab slow coffee&hellip;\" \/>\n<meta property=\"og:url\" content=\"https:\/\/le-grenier.org\/index.php\/produit\/cafetiere-4-tasses\/\" \/>\n<meta property=\"og:site_name\" content=\"Le Grenier - brocante et am\u00e9nagement\" \/>\n<meta property=\"article:modified_time\" content=\"2023-10-26T20:44:23+00:00\" \/>\n<meta name=\"twitter:card\" content=\"summary_large_image\" \/>\n<script type=\"application\/ld+json\" class=\"yoast-schema-graph\">{\"@context\":\"https:\/\/schema.org\",\"@graph\":[{\"@type\":\"WebSite\",\"@id\":\"https:\/\/le-grenier.org\/#website\",\"url\":\"https:\/\/le-grenier.org\/\",\"name\":\"Le Grenier - brocante et am\\u00e9nagement\",\"description\":\"\",\"potentialAction\":[{\"@type\":\"SearchAction\",\"target\":{\"@type\":\"EntryPoint\",\"urlTemplate\":\"https:\/\/le-grenier.org\/?s={search_term_string}\"},\"query-input\":\"required name=search_term_string\"}],\"inLanguage\":\"fr-FR\"},{\"@type\":\"ImageObject\",\"@id\":\"https:\/\/le-grenier.org\/index.php\/produit\/cafetiere-4-tasses\/#primaryimage\",\"inLanguage\":\"fr-FR\",\"url\":\"https:\/\/le-grenier.org\/wp-content\/uploads\/2023\/10\/img_2895.jpeg\",\"contentUrl\":\"https:\/\/le-grenier.org\/wp-content\/uploads\/2023\/10\/img_2895.jpeg\",\"width\":828,\"height\":915},{\"@type\":\"WebPage\",\"@id\":\"https:\/\/le-grenier.org\/index.php\/produit\/cafetiere-4-tasses\/#webpage\",\"url\":\"https:\/\/le-grenier.org\/index.php\/produit\/cafetiere-4-tasses\/\",\"name\":\"Cafeti\\u00e8re 4 tasses - Le Grenier - brocante et am\\u00e9nagement\",\"isPartOf\":{\"@id\":\"https:\/\/le-grenier.org\/#website\"},\"primaryImageOfPage\":{\"@id\":\"https:\/\/le-grenier.org\/index.php\/produit\/cafetiere-4-tasses\/#primaryimage\"},\"datePublished\":\"2023-10-26T20:42:02+00:00\",\"dateModified\":\"2023-10-26T20:44:23+00:00\",\"breadcrumb\":{\"@id\":\"https:\/\/le-grenier.org\/index.php\/produit\/cafetiere-4-tasses\/#breadcrumb\"},\"inLanguage\":\"fr-FR\",\"potentialAction\":[{\"@type\":\"ReadAction\",\"target\":[\"https:\/\/le-grenier.org\/index.php\/produit\/cafetiere-4-tasses\/\"]}]},{\"@type\":\"BreadcrumbList\",\"@id\":\"https:\/\/le-grenier.org\/index.php\/produit\/cafetiere-4-tasses\/#breadcrumb\",\"itemListElement\":[{\"@type\":\"ListItem\",\"position\":1,\"name\":\"Accueil\",\"item\":\"https:\/\/le-grenier.org\/\"},{\"@type\":\"ListItem\",\"position\":2,\"name\":\"Boutique en ligne\",\"item\":\"https:\/\/le-grenier.org\/\"},{\"@type\":\"ListItem\",\"position\":3,\"name\":\"Cafeti\\u00e8re 4 tasses\"}]}]}<\/script>\n<!-- \/ Yoast SEO plugin. -->","yoast_head_json":{"title":"Cafeti\u00e8re 4 tasses - Le Grenier - brocante et am\u00e9nagement","robots":{"index":"index","follow":"follow","max-snippet":"max-snippet:-1","max-image-preview":"max-image-preview:large","max-video-preview":"max-video-preview:-1"},"canonical":"https:\/\/le-grenier.org\/index.php\/produit\/cafetiere-4-tasses\/","og_locale":"fr_FR","og_type":"article","og_title":"Cafeti\u00e8re 4 tasses - Le Grenier - brocante et am\u00e9nagement","og_description":"Cafeti\u00e8re \u00e0 d\u00e9pression Helem 4 tasses Vers 1960 Verre Pyrex Excellent \u00e9tat \u2014 Bienvenue dans l\u2019univers du \u00ab slow coffee&hellip;","og_url":"https:\/\/le-grenier.org\/index.php\/produit\/cafetiere-4-tasses\/","og_site_name":"Le Grenier - brocante et am\u00e9nagement","article_modified_time":"2023-10-26T20:44:23+00:00","twitter_card":"summary_large_image","schema":{"@context":"https:\/\/schema.org","@graph":[{"@type":"WebSite","@id":"https:\/\/le-grenier.org\/#website","url":"https:\/\/le-grenier.org\/","name":"Le Grenier - brocante et am\u00e9nagement","description":"","potentialAction":[{"@type":"SearchAction","target":{"@type":"EntryPoint","urlTemplate":"https:\/\/le-grenier.org\/?s={search_term_string}"},"query-input":"required name=search_term_string"}],"inLanguage":"fr-FR"},{"@type":"ImageObject","@id":"https:\/\/le-grenier.org\/index.php\/produit\/cafetiere-4-tasses\/#primaryimage","inLanguage":"fr-FR","url":"https:\/\/le-grenier.org\/wp-content\/uploads\/2023\/10\/img_2895.jpeg","contentUrl":"https:\/\/le-grenier.org\/wp-content\/uploads\/2023\/10\/img_2895.jpeg","width":828,"height":915},{"@type":"WebPage","@id":"https:\/\/le-grenier.org\/index.php\/produit\/cafetiere-4-tasses\/#webpage","url":"https:\/\/le-grenier.org\/index.php\/produit\/cafetiere-4-tasses\/","name":"Cafeti\u00e8re 4 tasses - Le Grenier - brocante et am\u00e9nagement","isPartOf":{"@id":"https:\/\/le-grenier.org\/#website"},"primaryImageOfPage":{"@id":"https:\/\/le-grenier.org\/index.php\/produit\/cafetiere-4-tasses\/#primaryimage"},"datePublished":"2023-10-26T20:42:02+00:00","dateModified":"2023-10-26T20:44:23+00:00","breadcrumb":{"@id":"https:\/\/le-grenier.org\/index.php\/produit\/cafetiere-4-tasses\/#breadcrumb"},"inLanguage":"fr-FR","potentialAction":[{"@type":"ReadAction","target":["https:\/\/le-grenier.org\/index.php\/produit\/cafetiere-4-tasses\/"]}]},{"@type":"BreadcrumbList","@id":"https:\/\/le-grenier.org\/index.php\/produit\/cafetiere-4-tasses\/#breadcrumb","itemListElement":[{"@type":"ListItem","position":1,"name":"Accueil","item":"https:\/\/le-grenier.org\/"},{"@type":"ListItem","position":2,"name":"Boutique en ligne","item":"https:\/\/le-grenier.org\/"},{"@type":"ListItem","position":3,"name":"Cafeti\u00e8re 4 tasses"}]}]}},"_links":{"self":[{"href":"https:\/\/le-grenier.org\/index.php\/wp-json\/wp\/v2\/product\/55806"}],"collection":[{"href":"https:\/\/le-grenier.org\/index.php\/wp-json\/wp\/v2\/product"}],"about":[{"href":"https:\/\/le-grenier.org\/index.php\/wp-json\/wp\/v2\/types\/product"}],"wp:featuredmedia":[{"embeddable":true,"href":"https:\/\/le-grenier.org\/index.php\/wp-json\/wp\/v2\/media\/55807"}],"wp:attachment":[{"href":"https:\/\/le-grenier.org\/index.php\/wp-json\/wp\/v2\/media?parent=55806"}],"wp:term":[{"taxonomy":"product_cat","embeddable":true,"href":"https:\/\/le-grenier.org\/index.php\/wp-json\/wp\/v2\/product_cat?post=55806"},{"taxonomy":"product_tag","embeddable":true,"href":"https:\/\/le-grenier.org\/index.php\/wp-json\/wp\/v2\/product_tag?post=55806"}],"curies":[{"name":"wp","href":"https:\/\/api.w.org\/{rel}","templated":true}]}}