{"id":57401,"date":"2025-03-11T09:33:32","date_gmt":"2025-03-11T08:33:32","guid":{"rendered":"https:\/\/le-grenier.org\/index.php\/produit\/miroir-de-barbier\/"},"modified":"2025-03-11T09:38:57","modified_gmt":"2025-03-11T08:38:57","slug":"miroir-de-barbier","status":"publish","type":"product","link":"https:\/\/le-grenier.org\/index.php\/produit\/miroir-de-barbier\/","title":{"rendered":"Miroir de barbier"},"content":{"rendered":"<p>Authentique petit miroir Barbier 1930<\/p>\n<p>Tour et cha\u00eenette en m\u00e9tal<\/p>\n<p>Un peu d\u2019histoire<\/p>\n<p>Depuis quelques ann\u00e9es, les miroirs de barbier suscitent un grand engouement dans l\u2019univers de la d\u00e9coration vintage. Simple ou triptyque, carr\u00e9 ou rectangulaire, ce miroir aux formes \u00e9pur\u00e9es s\u2019installe maintenant dans toutes les pi\u00e8ces de la maison. Cet \u00e9l\u00e9ment de d\u00e9coration \u00e0 part enti\u00e8re procure un look et une atmosph\u00e8re unique \u00e0 un int\u00e9rieur.<\/p>\n<p>Si de nos jours, le barbier n\u2019est fr\u00e9quent\u00e9 que des hipsters \u00e0 barbe fournie et des hommes appr\u00e9ciant un rasage de pr\u00e8s, \u00e0 l\u2019origine, il avait diverses fonctions. Effectivement, il y a quelques si\u00e8cles, il \u00e9tait aussi coiffeur et r\u00e9alisait de petites chirurgies comme les saign\u00e9es. Au milieu de son attirail particuli\u00e8rement \u00e9toff\u00e9, le barbier disposait de miroirs. Cet accessoire constituait \u00e0 l\u2019\u00e9poque un v\u00e9ritable signe de luxe, et se rencontrait rarement dans les foyers, sauf les plus ais\u00e9s.<\/p>\n<p>.<\/p>\n<p>Envoi rapide et soign\u00e9<\/p>\n<p>Retrait gratuit \u00e0 Amiens et Thezy-Glimont<\/p>\n","protected":false},"excerpt":{"rendered":"<p>Authentique petit miroir Barbier 1930 Tour et cha\u00eenette en m\u00e9tal Un peu d\u2019histoire Depuis quelques ann\u00e9es, les miroirs de barbier&hellip;<\/p>\n","protected":false},"featured_media":57404,"template":"","meta":{"ngg_post_thumbnail":0},"product_cat":[39,33,27],"product_tag":[],"yoast_head":"<!-- This site is optimized with the Yoast SEO plugin v17.9 - https:\/\/yoast.com\/wordpress\/plugins\/seo\/ -->\n<title>Miroir de barbier - Le Grenier - brocante et am\u00e9nagement<\/title>\n<meta name=\"robots\" content=\"index, follow, max-snippet:-1, max-image-preview:large, max-video-preview:-1\" \/>\n<link rel=\"canonical\" href=\"https:\/\/le-grenier.org\/index.php\/produit\/miroir-de-barbier\/\" \/>\n<meta property=\"og:locale\" content=\"fr_FR\" \/>\n<meta property=\"og:type\" content=\"article\" \/>\n<meta property=\"og:title\" content=\"Miroir de barbier - Le Grenier - brocante et am\u00e9nagement\" \/>\n<meta property=\"og:description\" content=\"Authentique petit miroir Barbier 1930 Tour et cha\u00eenette en m\u00e9tal Un peu d\u2019histoire Depuis quelques ann\u00e9es, les miroirs de barbier&hellip;\" \/>\n<meta property=\"og:url\" content=\"https:\/\/le-grenier.org\/index.php\/produit\/miroir-de-barbier\/\" \/>\n<meta property=\"og:site_name\" content=\"Le Grenier - brocante et am\u00e9nagement\" \/>\n<meta property=\"article:modified_time\" content=\"2025-03-11T08:38:57+00:00\" \/>\n<meta name=\"twitter:card\" content=\"summary_large_image\" \/>\n<meta name=\"twitter:label1\" content=\"Dur\u00e9e de lecture estim\u00e9e\" \/>\n\t<meta name=\"twitter:data1\" content=\"1 minute\" \/>\n<script type=\"application\/ld+json\" class=\"yoast-schema-graph\">{\"@context\":\"https:\/\/schema.org\",\"@graph\":[{\"@type\":\"WebSite\",\"@id\":\"https:\/\/le-grenier.org\/#website\",\"url\":\"https:\/\/le-grenier.org\/\",\"name\":\"Le Grenier - brocante et am\\u00e9nagement\",\"description\":\"\",\"potentialAction\":[{\"@type\":\"SearchAction\",\"target\":{\"@type\":\"EntryPoint\",\"urlTemplate\":\"https:\/\/le-grenier.org\/?s={search_term_string}\"},\"query-input\":\"required name=search_term_string\"}],\"inLanguage\":\"fr-FR\"},{\"@type\":\"ImageObject\",\"@id\":\"https:\/\/le-grenier.org\/index.php\/produit\/miroir-de-barbier\/#primaryimage\",\"inLanguage\":\"fr-FR\",\"url\":\"https:\/\/le-grenier.org\/wp-content\/uploads\/2025\/03\/img_9705.jpeg\",\"contentUrl\":\"https:\/\/le-grenier.org\/wp-content\/uploads\/2025\/03\/img_9705.jpeg\",\"width\":1170,\"height\":1470},{\"@type\":\"WebPage\",\"@id\":\"https:\/\/le-grenier.org\/index.php\/produit\/miroir-de-barbier\/#webpage\",\"url\":\"https:\/\/le-grenier.org\/index.php\/produit\/miroir-de-barbier\/\",\"name\":\"Miroir de barbier - Le Grenier - brocante et am\\u00e9nagement\",\"isPartOf\":{\"@id\":\"https:\/\/le-grenier.org\/#website\"},\"primaryImageOfPage\":{\"@id\":\"https:\/\/le-grenier.org\/index.php\/produit\/miroir-de-barbier\/#primaryimage\"},\"datePublished\":\"2025-03-11T08:33:32+00:00\",\"dateModified\":\"2025-03-11T08:38:57+00:00\",\"breadcrumb\":{\"@id\":\"https:\/\/le-grenier.org\/index.php\/produit\/miroir-de-barbier\/#breadcrumb\"},\"inLanguage\":\"fr-FR\",\"potentialAction\":[{\"@type\":\"ReadAction\",\"target\":[\"https:\/\/le-grenier.org\/index.php\/produit\/miroir-de-barbier\/\"]}]},{\"@type\":\"BreadcrumbList\",\"@id\":\"https:\/\/le-grenier.org\/index.php\/produit\/miroir-de-barbier\/#breadcrumb\",\"itemListElement\":[{\"@type\":\"ListItem\",\"position\":1,\"name\":\"Accueil\",\"item\":\"https:\/\/le-grenier.org\/\"},{\"@type\":\"ListItem\",\"position\":2,\"name\":\"Boutique en ligne\",\"item\":\"https:\/\/le-grenier.org\/\"},{\"@type\":\"ListItem\",\"position\":3,\"name\":\"Miroir de barbier\"}]}]}<\/script>\n<!-- \/ Yoast SEO plugin. -->","yoast_head_json":{"title":"Miroir de barbier - Le Grenier - brocante et am\u00e9nagement","robots":{"index":"index","follow":"follow","max-snippet":"max-snippet:-1","max-image-preview":"max-image-preview:large","max-video-preview":"max-video-preview:-1"},"canonical":"https:\/\/le-grenier.org\/index.php\/produit\/miroir-de-barbier\/","og_locale":"fr_FR","og_type":"article","og_title":"Miroir de barbier - Le Grenier - brocante et am\u00e9nagement","og_description":"Authentique petit miroir Barbier 1930 Tour et cha\u00eenette en m\u00e9tal Un peu d\u2019histoire Depuis quelques ann\u00e9es, les miroirs de barbier&hellip;","og_url":"https:\/\/le-grenier.org\/index.php\/produit\/miroir-de-barbier\/","og_site_name":"Le Grenier - brocante et am\u00e9nagement","article_modified_time":"2025-03-11T08:38:57+00:00","twitter_card":"summary_large_image","twitter_misc":{"Dur\u00e9e de lecture estim\u00e9e":"1 minute"},"schema":{"@context":"https:\/\/schema.org","@graph":[{"@type":"WebSite","@id":"https:\/\/le-grenier.org\/#website","url":"https:\/\/le-grenier.org\/","name":"Le Grenier - brocante et am\u00e9nagement","description":"","potentialAction":[{"@type":"SearchAction","target":{"@type":"EntryPoint","urlTemplate":"https:\/\/le-grenier.org\/?s={search_term_string}"},"query-input":"required name=search_term_string"}],"inLanguage":"fr-FR"},{"@type":"ImageObject","@id":"https:\/\/le-grenier.org\/index.php\/produit\/miroir-de-barbier\/#primaryimage","inLanguage":"fr-FR","url":"https:\/\/le-grenier.org\/wp-content\/uploads\/2025\/03\/img_9705.jpeg","contentUrl":"https:\/\/le-grenier.org\/wp-content\/uploads\/2025\/03\/img_9705.jpeg","width":1170,"height":1470},{"@type":"WebPage","@id":"https:\/\/le-grenier.org\/index.php\/produit\/miroir-de-barbier\/#webpage","url":"https:\/\/le-grenier.org\/index.php\/produit\/miroir-de-barbier\/","name":"Miroir de barbier - Le Grenier - brocante et am\u00e9nagement","isPartOf":{"@id":"https:\/\/le-grenier.org\/#website"},"primaryImageOfPage":{"@id":"https:\/\/le-grenier.org\/index.php\/produit\/miroir-de-barbier\/#primaryimage"},"datePublished":"2025-03-11T08:33:32+00:00","dateModified":"2025-03-11T08:38:57+00:00","breadcrumb":{"@id":"https:\/\/le-grenier.org\/index.php\/produit\/miroir-de-barbier\/#breadcrumb"},"inLanguage":"fr-FR","potentialAction":[{"@type":"ReadAction","target":["https:\/\/le-grenier.org\/index.php\/produit\/miroir-de-barbier\/"]}]},{"@type":"BreadcrumbList","@id":"https:\/\/le-grenier.org\/index.php\/produit\/miroir-de-barbier\/#breadcrumb","itemListElement":[{"@type":"ListItem","position":1,"name":"Accueil","item":"https:\/\/le-grenier.org\/"},{"@type":"ListItem","position":2,"name":"Boutique en ligne","item":"https:\/\/le-grenier.org\/"},{"@type":"ListItem","position":3,"name":"Miroir de barbier"}]}]}},"_links":{"self":[{"href":"https:\/\/le-grenier.org\/index.php\/wp-json\/wp\/v2\/product\/57401"}],"collection":[{"href":"https:\/\/le-grenier.org\/index.php\/wp-json\/wp\/v2\/product"}],"about":[{"href":"https:\/\/le-grenier.org\/index.php\/wp-json\/wp\/v2\/types\/product"}],"wp:featuredmedia":[{"embeddable":true,"href":"https:\/\/le-grenier.org\/index.php\/wp-json\/wp\/v2\/media\/57404"}],"wp:attachment":[{"href":"https:\/\/le-grenier.org\/index.php\/wp-json\/wp\/v2\/media?parent=57401"}],"wp:term":[{"taxonomy":"product_cat","embeddable":true,"href":"https:\/\/le-grenier.org\/index.php\/wp-json\/wp\/v2\/product_cat?post=57401"},{"taxonomy":"product_tag","embeddable":true,"href":"https:\/\/le-grenier.org\/index.php\/wp-json\/wp\/v2\/product_tag?post=57401"}],"curies":[{"name":"wp","href":"https:\/\/api.w.org\/{rel}","templated":true}]}}