{"id":57995,"date":"2025-07-10T09:26:59","date_gmt":"2025-07-10T07:26:59","guid":{"rendered":"https:\/\/le-grenier.org\/index.php\/produit\/rat-de-cave-3\/"},"modified":"2025-07-10T09:32:07","modified_gmt":"2025-07-10T07:32:07","slug":"rat-de-cave-3","status":"publish","type":"product","link":"https:\/\/le-grenier.org\/index.php\/produit\/rat-de-cave-3\/","title":{"rendered":"Rat de cave"},"content":{"rendered":"<p>\u00ab Rat de cave \u00bb<\/p>\n<p>Bougeoir m\u00e9canique \u00e0 anse en laiton dor\u00e9<\/p>\n<p>Le syst\u00e8me de bouton permet de remonter la bougie au fur et \u00e0 mesure de sa combustion<\/p>\n<p>Tr\u00e8s bon \u00e9tat<\/p>\n<p>\ud83d\udca1 un peu d\u2019histoire<\/p>\n<p>Aussi appel\u00e9 Rat de cave, il semblerait que l\u2019objet ait \u00e9t\u00e9 mis au point et employ\u00e9 par les moines de l\u2019Abbaye de Cluny. Il existe d\u2019ailleurs un tr\u00e8s ancien exemplaire visible au Mus\u00e9e Orchier de Cluny.<\/p>\n<p>Ce bougeoir si particulier est compos\u00e9 d\u2019un f\u00fbt en fer en forme de bobine torse, fix\u00e9 sur une base tr\u00e8s stable. Il peut s\u2019agir d\u2019un plateau en fer support\u00e9 par 3 pieds, donc tripode ou d\u2019un support en bois tourn\u00e9, qui a la forme d\u2019une demie boule retravaill\u00e9e.<\/p>\n<p>Une vis mobile, dite \u00ab ascenseur \u00bb, log\u00e9e dans le f\u00fbt permettait de faire remonter la bougie au fur et \u00e0 mesure de sa fonte.<\/p>\n<p>La prise, appel\u00e9e \u00ab queue-de-rat \u00bb en raison de sa forme particuli\u00e8re, offre une pr\u00e9hension facile et \u00e9loign\u00e9e de la source de chaleur.<\/p>\n<p>Cette anse, qui a la forme d\u2019un crochet, permettait aussi au vigneron de ficher ce bougeoir dans une cavit\u00e9 du mur de la cave ou sur un mur. Le bougeoir \u00e9tait maintenu par un anneau ou une languette, mais encore suspendu \u00e0 une poutre de la cave ou sur le rebord d\u2019un tonneau.<\/p>\n<p>Son fond plat ou sa base tripode, tous deux r\u00e9put\u00e9s pour \u00eatre tr\u00e8s stables permettaient de le poser sans crainte qu\u2019il ne se renverse.<\/p>\n<p>Ce bougeoir avait donc la fonction premi\u00e8re d\u2019\u00e9clairer le vigneron dans sa cave, mais aussi plus largement tous ceux qui allaient dans un lieu obscur.<\/p>\n<p>\ud83d\udccd Envoi rapide et soign\u00e9 possible ou remise en main propre Amiens ou Thezy-Glimont<\/p>\n","protected":false},"excerpt":{"rendered":"<p>\u00ab Rat de cave \u00bb Bougeoir m\u00e9canique \u00e0 anse en laiton dor\u00e9 Le syst\u00e8me de bouton permet de remonter la&hellip;<\/p>\n","protected":false},"featured_media":57997,"template":"","meta":{"ngg_post_thumbnail":0},"product_cat":[54,25],"product_tag":[],"yoast_head":"<!-- This site is optimized with the Yoast SEO plugin v17.9 - https:\/\/yoast.com\/wordpress\/plugins\/seo\/ -->\n<title>Rat de cave - Le Grenier - brocante et am\u00e9nagement<\/title>\n<meta name=\"robots\" content=\"index, follow, max-snippet:-1, max-image-preview:large, max-video-preview:-1\" \/>\n<link rel=\"canonical\" href=\"https:\/\/le-grenier.org\/index.php\/produit\/rat-de-cave-3\/\" \/>\n<meta property=\"og:locale\" content=\"fr_FR\" \/>\n<meta property=\"og:type\" content=\"article\" \/>\n<meta property=\"og:title\" content=\"Rat de cave - Le Grenier - brocante et am\u00e9nagement\" \/>\n<meta property=\"og:description\" content=\"\u00ab Rat de cave \u00bb Bougeoir m\u00e9canique \u00e0 anse en laiton dor\u00e9 Le syst\u00e8me de bouton permet de remonter la&hellip;\" \/>\n<meta property=\"og:url\" content=\"https:\/\/le-grenier.org\/index.php\/produit\/rat-de-cave-3\/\" \/>\n<meta property=\"og:site_name\" content=\"Le Grenier - brocante et am\u00e9nagement\" \/>\n<meta property=\"article:modified_time\" content=\"2025-07-10T07:32:07+00:00\" \/>\n<meta name=\"twitter:card\" content=\"summary_large_image\" \/>\n<meta name=\"twitter:label1\" content=\"Dur\u00e9e de lecture estim\u00e9e\" \/>\n\t<meta name=\"twitter:data1\" content=\"2 minutes\" \/>\n<script type=\"application\/ld+json\" class=\"yoast-schema-graph\">{\"@context\":\"https:\/\/schema.org\",\"@graph\":[{\"@type\":\"WebSite\",\"@id\":\"https:\/\/le-grenier.org\/#website\",\"url\":\"https:\/\/le-grenier.org\/\",\"name\":\"Le Grenier - brocante et am\\u00e9nagement\",\"description\":\"\",\"potentialAction\":[{\"@type\":\"SearchAction\",\"target\":{\"@type\":\"EntryPoint\",\"urlTemplate\":\"https:\/\/le-grenier.org\/?s={search_term_string}\"},\"query-input\":\"required name=search_term_string\"}],\"inLanguage\":\"fr-FR\"},{\"@type\":\"ImageObject\",\"@id\":\"https:\/\/le-grenier.org\/index.php\/produit\/rat-de-cave-3\/#primaryimage\",\"inLanguage\":\"fr-FR\",\"url\":\"https:\/\/le-grenier.org\/wp-content\/uploads\/2025\/07\/img_1451.jpeg\",\"contentUrl\":\"https:\/\/le-grenier.org\/wp-content\/uploads\/2025\/07\/img_1451.jpeg\",\"width\":1170,\"height\":1282},{\"@type\":\"WebPage\",\"@id\":\"https:\/\/le-grenier.org\/index.php\/produit\/rat-de-cave-3\/#webpage\",\"url\":\"https:\/\/le-grenier.org\/index.php\/produit\/rat-de-cave-3\/\",\"name\":\"Rat de cave - Le Grenier - brocante et am\\u00e9nagement\",\"isPartOf\":{\"@id\":\"https:\/\/le-grenier.org\/#website\"},\"primaryImageOfPage\":{\"@id\":\"https:\/\/le-grenier.org\/index.php\/produit\/rat-de-cave-3\/#primaryimage\"},\"datePublished\":\"2025-07-10T07:26:59+00:00\",\"dateModified\":\"2025-07-10T07:32:07+00:00\",\"breadcrumb\":{\"@id\":\"https:\/\/le-grenier.org\/index.php\/produit\/rat-de-cave-3\/#breadcrumb\"},\"inLanguage\":\"fr-FR\",\"potentialAction\":[{\"@type\":\"ReadAction\",\"target\":[\"https:\/\/le-grenier.org\/index.php\/produit\/rat-de-cave-3\/\"]}]},{\"@type\":\"BreadcrumbList\",\"@id\":\"https:\/\/le-grenier.org\/index.php\/produit\/rat-de-cave-3\/#breadcrumb\",\"itemListElement\":[{\"@type\":\"ListItem\",\"position\":1,\"name\":\"Accueil\",\"item\":\"https:\/\/le-grenier.org\/\"},{\"@type\":\"ListItem\",\"position\":2,\"name\":\"Boutique en ligne\",\"item\":\"https:\/\/le-grenier.org\/\"},{\"@type\":\"ListItem\",\"position\":3,\"name\":\"Rat de cave\"}]}]}<\/script>\n<!-- \/ Yoast SEO plugin. -->","yoast_head_json":{"title":"Rat de cave - Le Grenier - brocante et am\u00e9nagement","robots":{"index":"index","follow":"follow","max-snippet":"max-snippet:-1","max-image-preview":"max-image-preview:large","max-video-preview":"max-video-preview:-1"},"canonical":"https:\/\/le-grenier.org\/index.php\/produit\/rat-de-cave-3\/","og_locale":"fr_FR","og_type":"article","og_title":"Rat de cave - Le Grenier - brocante et am\u00e9nagement","og_description":"\u00ab Rat de cave \u00bb Bougeoir m\u00e9canique \u00e0 anse en laiton dor\u00e9 Le syst\u00e8me de bouton permet de remonter la&hellip;","og_url":"https:\/\/le-grenier.org\/index.php\/produit\/rat-de-cave-3\/","og_site_name":"Le Grenier - brocante et am\u00e9nagement","article_modified_time":"2025-07-10T07:32:07+00:00","twitter_card":"summary_large_image","twitter_misc":{"Dur\u00e9e de lecture estim\u00e9e":"2 minutes"},"schema":{"@context":"https:\/\/schema.org","@graph":[{"@type":"WebSite","@id":"https:\/\/le-grenier.org\/#website","url":"https:\/\/le-grenier.org\/","name":"Le Grenier - brocante et am\u00e9nagement","description":"","potentialAction":[{"@type":"SearchAction","target":{"@type":"EntryPoint","urlTemplate":"https:\/\/le-grenier.org\/?s={search_term_string}"},"query-input":"required name=search_term_string"}],"inLanguage":"fr-FR"},{"@type":"ImageObject","@id":"https:\/\/le-grenier.org\/index.php\/produit\/rat-de-cave-3\/#primaryimage","inLanguage":"fr-FR","url":"https:\/\/le-grenier.org\/wp-content\/uploads\/2025\/07\/img_1451.jpeg","contentUrl":"https:\/\/le-grenier.org\/wp-content\/uploads\/2025\/07\/img_1451.jpeg","width":1170,"height":1282},{"@type":"WebPage","@id":"https:\/\/le-grenier.org\/index.php\/produit\/rat-de-cave-3\/#webpage","url":"https:\/\/le-grenier.org\/index.php\/produit\/rat-de-cave-3\/","name":"Rat de cave - Le Grenier - brocante et am\u00e9nagement","isPartOf":{"@id":"https:\/\/le-grenier.org\/#website"},"primaryImageOfPage":{"@id":"https:\/\/le-grenier.org\/index.php\/produit\/rat-de-cave-3\/#primaryimage"},"datePublished":"2025-07-10T07:26:59+00:00","dateModified":"2025-07-10T07:32:07+00:00","breadcrumb":{"@id":"https:\/\/le-grenier.org\/index.php\/produit\/rat-de-cave-3\/#breadcrumb"},"inLanguage":"fr-FR","potentialAction":[{"@type":"ReadAction","target":["https:\/\/le-grenier.org\/index.php\/produit\/rat-de-cave-3\/"]}]},{"@type":"BreadcrumbList","@id":"https:\/\/le-grenier.org\/index.php\/produit\/rat-de-cave-3\/#breadcrumb","itemListElement":[{"@type":"ListItem","position":1,"name":"Accueil","item":"https:\/\/le-grenier.org\/"},{"@type":"ListItem","position":2,"name":"Boutique en ligne","item":"https:\/\/le-grenier.org\/"},{"@type":"ListItem","position":3,"name":"Rat de cave"}]}]}},"_links":{"self":[{"href":"https:\/\/le-grenier.org\/index.php\/wp-json\/wp\/v2\/product\/57995"}],"collection":[{"href":"https:\/\/le-grenier.org\/index.php\/wp-json\/wp\/v2\/product"}],"about":[{"href":"https:\/\/le-grenier.org\/index.php\/wp-json\/wp\/v2\/types\/product"}],"wp:featuredmedia":[{"embeddable":true,"href":"https:\/\/le-grenier.org\/index.php\/wp-json\/wp\/v2\/media\/57997"}],"wp:attachment":[{"href":"https:\/\/le-grenier.org\/index.php\/wp-json\/wp\/v2\/media?parent=57995"}],"wp:term":[{"taxonomy":"product_cat","embeddable":true,"href":"https:\/\/le-grenier.org\/index.php\/wp-json\/wp\/v2\/product_cat?post=57995"},{"taxonomy":"product_tag","embeddable":true,"href":"https:\/\/le-grenier.org\/index.php\/wp-json\/wp\/v2\/product_tag?post=57995"}],"curies":[{"name":"wp","href":"https:\/\/api.w.org\/{rel}","templated":true}]}}