{"id":58232,"date":"2025-08-05T16:12:31","date_gmt":"2025-08-05T14:12:31","guid":{"rendered":"https:\/\/le-grenier.org\/index.php\/produit\/plat-badonviller\/"},"modified":"2025-08-05T16:15:59","modified_gmt":"2025-08-05T14:15:59","slug":"plat-badonviller","status":"publish","type":"product","link":"https:\/\/le-grenier.org\/index.php\/produit\/plat-badonviller\/","title":{"rendered":"Plat Badonviller"},"content":{"rendered":"<p>Rare plat Badonviller Art D\u00e9co<\/p>\n<p>Estampill\u00e9 et Num\u00e9rot\u00e9, collection limit\u00e9e<\/p>\n<p>Excellent \u00e9tat, aucun d\u00e9faut<\/p>\n<p>29cm de diam\u00e8tre<\/p>\n<p>Belles couleurs rouge bordeaux et bleu roi<\/p>\n<p>\u2014\u2014<\/p>\n<p>Fond\u00e9e en 1898 en Meurthe Moselle, la fa\u00efencerie de Badonviller s\u2019est vite impos\u00e9e en France. \u00c0 son sommet, la manufacture compte jusqu\u2019\u00e0 1000 salari\u00e9s. La fa\u00efencerie est reconnue pour avoir utilis\u00e9 des techniques novatrices comme l\u2019impression par papier transfert imprim\u00e9 \u00e0 partir d\u2019une plaque de cuivre et au d\u00e9but du XXe si\u00e8cle la d\u00e9coration a\u00e9rographe. \u00c0 cette \u00e9poque, la fa\u00efencerie adopte un style Art Nouveau qui s\u2019appuie sur des lignes courb\u00e9es et s\u2019inspire de la nature. Apr\u00e8s la premi\u00e8re guerre mondiale, la fa\u00efencerie de Badonviller adopte un style Art D\u00e9co dans lequel on reconna\u00eet l\u2019inspiration de l\u2019artiste G\u00e9o Cond\u00e9.<\/p>\n<p>\u2014-<\/p>\n<p>\ud83d\udccd Envoi rapide et soign\u00e9 possible ou remise en main propre Amiens ou Thezy-Glimont<\/p>\n","protected":false},"excerpt":{"rendered":"<p>Rare plat Badonviller Art D\u00e9co Estampill\u00e9 et Num\u00e9rot\u00e9, collection limit\u00e9e Excellent \u00e9tat, aucun d\u00e9faut 29cm de diam\u00e8tre Belles couleurs rouge&hellip;<\/p>\n","protected":false},"featured_media":58233,"template":"","meta":{"ngg_post_thumbnail":0},"product_cat":[60,56,46],"product_tag":[],"yoast_head":"<!-- This site is optimized with the Yoast SEO plugin v17.9 - https:\/\/yoast.com\/wordpress\/plugins\/seo\/ -->\n<title>Plat Badonviller - Le Grenier - brocante et am\u00e9nagement<\/title>\n<meta name=\"robots\" content=\"index, follow, max-snippet:-1, max-image-preview:large, max-video-preview:-1\" \/>\n<link rel=\"canonical\" href=\"https:\/\/le-grenier.org\/index.php\/produit\/plat-badonviller\/\" \/>\n<meta property=\"og:locale\" content=\"fr_FR\" \/>\n<meta property=\"og:type\" content=\"article\" \/>\n<meta property=\"og:title\" content=\"Plat Badonviller - Le Grenier - brocante et am\u00e9nagement\" \/>\n<meta property=\"og:description\" content=\"Rare plat Badonviller Art D\u00e9co Estampill\u00e9 et Num\u00e9rot\u00e9, collection limit\u00e9e Excellent \u00e9tat, aucun d\u00e9faut 29cm de diam\u00e8tre Belles couleurs rouge&hellip;\" \/>\n<meta property=\"og:url\" content=\"https:\/\/le-grenier.org\/index.php\/produit\/plat-badonviller\/\" \/>\n<meta property=\"og:site_name\" content=\"Le Grenier - brocante et am\u00e9nagement\" \/>\n<meta property=\"article:modified_time\" content=\"2025-08-05T14:15:59+00:00\" \/>\n<meta name=\"twitter:card\" content=\"summary_large_image\" \/>\n<meta name=\"twitter:label1\" content=\"Dur\u00e9e de lecture estim\u00e9e\" \/>\n\t<meta name=\"twitter:data1\" content=\"1 minute\" \/>\n<script type=\"application\/ld+json\" class=\"yoast-schema-graph\">{\"@context\":\"https:\/\/schema.org\",\"@graph\":[{\"@type\":\"WebSite\",\"@id\":\"https:\/\/le-grenier.org\/#website\",\"url\":\"https:\/\/le-grenier.org\/\",\"name\":\"Le Grenier - brocante et am\\u00e9nagement\",\"description\":\"\",\"potentialAction\":[{\"@type\":\"SearchAction\",\"target\":{\"@type\":\"EntryPoint\",\"urlTemplate\":\"https:\/\/le-grenier.org\/?s={search_term_string}\"},\"query-input\":\"required name=search_term_string\"}],\"inLanguage\":\"fr-FR\"},{\"@type\":\"ImageObject\",\"@id\":\"https:\/\/le-grenier.org\/index.php\/produit\/plat-badonviller\/#primaryimage\",\"inLanguage\":\"fr-FR\",\"url\":\"https:\/\/le-grenier.org\/wp-content\/uploads\/2025\/08\/img_1916.jpeg\",\"contentUrl\":\"https:\/\/le-grenier.org\/wp-content\/uploads\/2025\/08\/img_1916.jpeg\",\"width\":1170,\"height\":1568},{\"@type\":\"WebPage\",\"@id\":\"https:\/\/le-grenier.org\/index.php\/produit\/plat-badonviller\/#webpage\",\"url\":\"https:\/\/le-grenier.org\/index.php\/produit\/plat-badonviller\/\",\"name\":\"Plat Badonviller - Le Grenier - brocante et am\\u00e9nagement\",\"isPartOf\":{\"@id\":\"https:\/\/le-grenier.org\/#website\"},\"primaryImageOfPage\":{\"@id\":\"https:\/\/le-grenier.org\/index.php\/produit\/plat-badonviller\/#primaryimage\"},\"datePublished\":\"2025-08-05T14:12:31+00:00\",\"dateModified\":\"2025-08-05T14:15:59+00:00\",\"breadcrumb\":{\"@id\":\"https:\/\/le-grenier.org\/index.php\/produit\/plat-badonviller\/#breadcrumb\"},\"inLanguage\":\"fr-FR\",\"potentialAction\":[{\"@type\":\"ReadAction\",\"target\":[\"https:\/\/le-grenier.org\/index.php\/produit\/plat-badonviller\/\"]}]},{\"@type\":\"BreadcrumbList\",\"@id\":\"https:\/\/le-grenier.org\/index.php\/produit\/plat-badonviller\/#breadcrumb\",\"itemListElement\":[{\"@type\":\"ListItem\",\"position\":1,\"name\":\"Accueil\",\"item\":\"https:\/\/le-grenier.org\/\"},{\"@type\":\"ListItem\",\"position\":2,\"name\":\"Boutique en ligne\",\"item\":\"https:\/\/le-grenier.org\/\"},{\"@type\":\"ListItem\",\"position\":3,\"name\":\"Plat Badonviller\"}]}]}<\/script>\n<!-- \/ Yoast SEO plugin. -->","yoast_head_json":{"title":"Plat Badonviller - Le Grenier - brocante et am\u00e9nagement","robots":{"index":"index","follow":"follow","max-snippet":"max-snippet:-1","max-image-preview":"max-image-preview:large","max-video-preview":"max-video-preview:-1"},"canonical":"https:\/\/le-grenier.org\/index.php\/produit\/plat-badonviller\/","og_locale":"fr_FR","og_type":"article","og_title":"Plat Badonviller - Le Grenier - brocante et am\u00e9nagement","og_description":"Rare plat Badonviller Art D\u00e9co Estampill\u00e9 et Num\u00e9rot\u00e9, collection limit\u00e9e Excellent \u00e9tat, aucun d\u00e9faut 29cm de diam\u00e8tre Belles couleurs rouge&hellip;","og_url":"https:\/\/le-grenier.org\/index.php\/produit\/plat-badonviller\/","og_site_name":"Le Grenier - brocante et am\u00e9nagement","article_modified_time":"2025-08-05T14:15:59+00:00","twitter_card":"summary_large_image","twitter_misc":{"Dur\u00e9e de lecture estim\u00e9e":"1 minute"},"schema":{"@context":"https:\/\/schema.org","@graph":[{"@type":"WebSite","@id":"https:\/\/le-grenier.org\/#website","url":"https:\/\/le-grenier.org\/","name":"Le Grenier - brocante et am\u00e9nagement","description":"","potentialAction":[{"@type":"SearchAction","target":{"@type":"EntryPoint","urlTemplate":"https:\/\/le-grenier.org\/?s={search_term_string}"},"query-input":"required name=search_term_string"}],"inLanguage":"fr-FR"},{"@type":"ImageObject","@id":"https:\/\/le-grenier.org\/index.php\/produit\/plat-badonviller\/#primaryimage","inLanguage":"fr-FR","url":"https:\/\/le-grenier.org\/wp-content\/uploads\/2025\/08\/img_1916.jpeg","contentUrl":"https:\/\/le-grenier.org\/wp-content\/uploads\/2025\/08\/img_1916.jpeg","width":1170,"height":1568},{"@type":"WebPage","@id":"https:\/\/le-grenier.org\/index.php\/produit\/plat-badonviller\/#webpage","url":"https:\/\/le-grenier.org\/index.php\/produit\/plat-badonviller\/","name":"Plat Badonviller - Le Grenier - brocante et am\u00e9nagement","isPartOf":{"@id":"https:\/\/le-grenier.org\/#website"},"primaryImageOfPage":{"@id":"https:\/\/le-grenier.org\/index.php\/produit\/plat-badonviller\/#primaryimage"},"datePublished":"2025-08-05T14:12:31+00:00","dateModified":"2025-08-05T14:15:59+00:00","breadcrumb":{"@id":"https:\/\/le-grenier.org\/index.php\/produit\/plat-badonviller\/#breadcrumb"},"inLanguage":"fr-FR","potentialAction":[{"@type":"ReadAction","target":["https:\/\/le-grenier.org\/index.php\/produit\/plat-badonviller\/"]}]},{"@type":"BreadcrumbList","@id":"https:\/\/le-grenier.org\/index.php\/produit\/plat-badonviller\/#breadcrumb","itemListElement":[{"@type":"ListItem","position":1,"name":"Accueil","item":"https:\/\/le-grenier.org\/"},{"@type":"ListItem","position":2,"name":"Boutique en ligne","item":"https:\/\/le-grenier.org\/"},{"@type":"ListItem","position":3,"name":"Plat Badonviller"}]}]}},"_links":{"self":[{"href":"https:\/\/le-grenier.org\/index.php\/wp-json\/wp\/v2\/product\/58232"}],"collection":[{"href":"https:\/\/le-grenier.org\/index.php\/wp-json\/wp\/v2\/product"}],"about":[{"href":"https:\/\/le-grenier.org\/index.php\/wp-json\/wp\/v2\/types\/product"}],"wp:featuredmedia":[{"embeddable":true,"href":"https:\/\/le-grenier.org\/index.php\/wp-json\/wp\/v2\/media\/58233"}],"wp:attachment":[{"href":"https:\/\/le-grenier.org\/index.php\/wp-json\/wp\/v2\/media?parent=58232"}],"wp:term":[{"taxonomy":"product_cat","embeddable":true,"href":"https:\/\/le-grenier.org\/index.php\/wp-json\/wp\/v2\/product_cat?post=58232"},{"taxonomy":"product_tag","embeddable":true,"href":"https:\/\/le-grenier.org\/index.php\/wp-json\/wp\/v2\/product_tag?post=58232"}],"curies":[{"name":"wp","href":"https:\/\/api.w.org\/{rel}","templated":true}]}}