{"id":58380,"date":"2025-08-17T13:32:14","date_gmt":"2025-08-17T11:32:14","guid":{"rendered":"https:\/\/le-grenier.org\/index.php\/produit\/porte-couteaux\/"},"modified":"2025-08-17T13:35:02","modified_gmt":"2025-08-17T11:35:02","slug":"porte-couteaux","status":"publish","type":"product","link":"https:\/\/le-grenier.org\/index.php\/produit\/porte-couteaux\/","title":{"rendered":"Porte couteaux"},"content":{"rendered":"<p>Six portes couteaux design en inox Remy Letang<\/p>\n<p>Estampill\u00e9s \u00e0 l\u2019int\u00e9rieur (voir photo zoom)<\/p>\n<p>Excellent \u00e9tat<\/p>\n<p>\ud83d\udccd Envoi rapide et soign\u00e9 possible ou remise en main propre Amiens ou Thezy-Glimont<\/p>\n","protected":false},"excerpt":{"rendered":"<p>Six portes couteaux design en inox Remy Letang Estampill\u00e9s \u00e0 l\u2019int\u00e9rieur (voir photo zoom) Excellent \u00e9tat \ud83d\udccd Envoi rapide et&hellip;<\/p>\n","protected":false},"featured_media":58381,"template":"","meta":{"ngg_post_thumbnail":0},"product_cat":[60,46],"product_tag":[],"yoast_head":"<!-- This site is optimized with the Yoast SEO plugin v17.9 - https:\/\/yoast.com\/wordpress\/plugins\/seo\/ -->\n<title>Porte couteaux - Le Grenier - brocante et am\u00e9nagement<\/title>\n<meta name=\"robots\" content=\"index, follow, max-snippet:-1, max-image-preview:large, max-video-preview:-1\" \/>\n<link rel=\"canonical\" href=\"https:\/\/le-grenier.org\/index.php\/produit\/porte-couteaux\/\" \/>\n<meta property=\"og:locale\" content=\"fr_FR\" \/>\n<meta property=\"og:type\" content=\"article\" \/>\n<meta property=\"og:title\" content=\"Porte couteaux - Le Grenier - brocante et am\u00e9nagement\" \/>\n<meta property=\"og:description\" content=\"Six portes couteaux design en inox Remy Letang Estampill\u00e9s \u00e0 l\u2019int\u00e9rieur (voir photo zoom) Excellent \u00e9tat \ud83d\udccd Envoi rapide et&hellip;\" \/>\n<meta property=\"og:url\" content=\"https:\/\/le-grenier.org\/index.php\/produit\/porte-couteaux\/\" \/>\n<meta property=\"og:site_name\" content=\"Le Grenier - brocante et am\u00e9nagement\" \/>\n<meta property=\"article:modified_time\" content=\"2025-08-17T11:35:02+00:00\" \/>\n<meta name=\"twitter:card\" content=\"summary_large_image\" \/>\n<script type=\"application\/ld+json\" class=\"yoast-schema-graph\">{\"@context\":\"https:\/\/schema.org\",\"@graph\":[{\"@type\":\"WebSite\",\"@id\":\"https:\/\/le-grenier.org\/#website\",\"url\":\"https:\/\/le-grenier.org\/\",\"name\":\"Le Grenier - brocante et am\\u00e9nagement\",\"description\":\"\",\"potentialAction\":[{\"@type\":\"SearchAction\",\"target\":{\"@type\":\"EntryPoint\",\"urlTemplate\":\"https:\/\/le-grenier.org\/?s={search_term_string}\"},\"query-input\":\"required name=search_term_string\"}],\"inLanguage\":\"fr-FR\"},{\"@type\":\"ImageObject\",\"@id\":\"https:\/\/le-grenier.org\/index.php\/produit\/porte-couteaux\/#primaryimage\",\"inLanguage\":\"fr-FR\",\"url\":\"https:\/\/le-grenier.org\/wp-content\/uploads\/2025\/08\/img_2117.jpeg\",\"contentUrl\":\"https:\/\/le-grenier.org\/wp-content\/uploads\/2025\/08\/img_2117.jpeg\",\"width\":1170,\"height\":897},{\"@type\":\"WebPage\",\"@id\":\"https:\/\/le-grenier.org\/index.php\/produit\/porte-couteaux\/#webpage\",\"url\":\"https:\/\/le-grenier.org\/index.php\/produit\/porte-couteaux\/\",\"name\":\"Porte couteaux - Le Grenier - brocante et am\\u00e9nagement\",\"isPartOf\":{\"@id\":\"https:\/\/le-grenier.org\/#website\"},\"primaryImageOfPage\":{\"@id\":\"https:\/\/le-grenier.org\/index.php\/produit\/porte-couteaux\/#primaryimage\"},\"datePublished\":\"2025-08-17T11:32:14+00:00\",\"dateModified\":\"2025-08-17T11:35:02+00:00\",\"breadcrumb\":{\"@id\":\"https:\/\/le-grenier.org\/index.php\/produit\/porte-couteaux\/#breadcrumb\"},\"inLanguage\":\"fr-FR\",\"potentialAction\":[{\"@type\":\"ReadAction\",\"target\":[\"https:\/\/le-grenier.org\/index.php\/produit\/porte-couteaux\/\"]}]},{\"@type\":\"BreadcrumbList\",\"@id\":\"https:\/\/le-grenier.org\/index.php\/produit\/porte-couteaux\/#breadcrumb\",\"itemListElement\":[{\"@type\":\"ListItem\",\"position\":1,\"name\":\"Accueil\",\"item\":\"https:\/\/le-grenier.org\/\"},{\"@type\":\"ListItem\",\"position\":2,\"name\":\"Boutique en ligne\",\"item\":\"https:\/\/le-grenier.org\/\"},{\"@type\":\"ListItem\",\"position\":3,\"name\":\"Porte couteaux\"}]}]}<\/script>\n<!-- \/ Yoast SEO plugin. -->","yoast_head_json":{"title":"Porte couteaux - Le Grenier - brocante et am\u00e9nagement","robots":{"index":"index","follow":"follow","max-snippet":"max-snippet:-1","max-image-preview":"max-image-preview:large","max-video-preview":"max-video-preview:-1"},"canonical":"https:\/\/le-grenier.org\/index.php\/produit\/porte-couteaux\/","og_locale":"fr_FR","og_type":"article","og_title":"Porte couteaux - Le Grenier - brocante et am\u00e9nagement","og_description":"Six portes couteaux design en inox Remy Letang Estampill\u00e9s \u00e0 l\u2019int\u00e9rieur (voir photo zoom) Excellent \u00e9tat \ud83d\udccd Envoi rapide et&hellip;","og_url":"https:\/\/le-grenier.org\/index.php\/produit\/porte-couteaux\/","og_site_name":"Le Grenier - brocante et am\u00e9nagement","article_modified_time":"2025-08-17T11:35:02+00:00","twitter_card":"summary_large_image","schema":{"@context":"https:\/\/schema.org","@graph":[{"@type":"WebSite","@id":"https:\/\/le-grenier.org\/#website","url":"https:\/\/le-grenier.org\/","name":"Le Grenier - brocante et am\u00e9nagement","description":"","potentialAction":[{"@type":"SearchAction","target":{"@type":"EntryPoint","urlTemplate":"https:\/\/le-grenier.org\/?s={search_term_string}"},"query-input":"required name=search_term_string"}],"inLanguage":"fr-FR"},{"@type":"ImageObject","@id":"https:\/\/le-grenier.org\/index.php\/produit\/porte-couteaux\/#primaryimage","inLanguage":"fr-FR","url":"https:\/\/le-grenier.org\/wp-content\/uploads\/2025\/08\/img_2117.jpeg","contentUrl":"https:\/\/le-grenier.org\/wp-content\/uploads\/2025\/08\/img_2117.jpeg","width":1170,"height":897},{"@type":"WebPage","@id":"https:\/\/le-grenier.org\/index.php\/produit\/porte-couteaux\/#webpage","url":"https:\/\/le-grenier.org\/index.php\/produit\/porte-couteaux\/","name":"Porte couteaux - Le Grenier - brocante et am\u00e9nagement","isPartOf":{"@id":"https:\/\/le-grenier.org\/#website"},"primaryImageOfPage":{"@id":"https:\/\/le-grenier.org\/index.php\/produit\/porte-couteaux\/#primaryimage"},"datePublished":"2025-08-17T11:32:14+00:00","dateModified":"2025-08-17T11:35:02+00:00","breadcrumb":{"@id":"https:\/\/le-grenier.org\/index.php\/produit\/porte-couteaux\/#breadcrumb"},"inLanguage":"fr-FR","potentialAction":[{"@type":"ReadAction","target":["https:\/\/le-grenier.org\/index.php\/produit\/porte-couteaux\/"]}]},{"@type":"BreadcrumbList","@id":"https:\/\/le-grenier.org\/index.php\/produit\/porte-couteaux\/#breadcrumb","itemListElement":[{"@type":"ListItem","position":1,"name":"Accueil","item":"https:\/\/le-grenier.org\/"},{"@type":"ListItem","position":2,"name":"Boutique en ligne","item":"https:\/\/le-grenier.org\/"},{"@type":"ListItem","position":3,"name":"Porte couteaux"}]}]}},"_links":{"self":[{"href":"https:\/\/le-grenier.org\/index.php\/wp-json\/wp\/v2\/product\/58380"}],"collection":[{"href":"https:\/\/le-grenier.org\/index.php\/wp-json\/wp\/v2\/product"}],"about":[{"href":"https:\/\/le-grenier.org\/index.php\/wp-json\/wp\/v2\/types\/product"}],"wp:featuredmedia":[{"embeddable":true,"href":"https:\/\/le-grenier.org\/index.php\/wp-json\/wp\/v2\/media\/58381"}],"wp:attachment":[{"href":"https:\/\/le-grenier.org\/index.php\/wp-json\/wp\/v2\/media?parent=58380"}],"wp:term":[{"taxonomy":"product_cat","embeddable":true,"href":"https:\/\/le-grenier.org\/index.php\/wp-json\/wp\/v2\/product_cat?post=58380"},{"taxonomy":"product_tag","embeddable":true,"href":"https:\/\/le-grenier.org\/index.php\/wp-json\/wp\/v2\/product_tag?post=58380"}],"curies":[{"name":"wp","href":"https:\/\/api.w.org\/{rel}","templated":true}]}}