{"id":58940,"date":"2025-12-02T21:26:12","date_gmt":"2025-12-02T20:26:12","guid":{"rendered":"https:\/\/le-grenier.org\/index.php\/produit\/malle-metallique\/"},"modified":"2026-04-08T16:49:56","modified_gmt":"2026-04-08T14:49:56","slug":"malle-metallique","status":"publish","type":"product","link":"https:\/\/le-grenier.org\/index.php\/produit\/malle-metallique\/","title":{"rendered":"Malle m\u00e9tallique"},"content":{"rendered":"<p>Malle m\u00e9tallique ancienne<\/p>\n<p>Style brocante \/ industriel<\/p>\n<p>Dimensions :<\/p>\n<p>\u2022\tLongueur : 67 cm<\/p>\n<p>\u2022\tLargeur : 47 cm<\/p>\n<p>\u2022\tHauteur : 42 cm<\/p>\n<p>Belle malle en m\u00e9tal et cuir au charme authentique, avec une patine naturelle apport\u00e9e par le temps. Le syst\u00e8me de fermeture est pr\u00e9sent, et l\u2019ensemble offre une allure typique des pi\u00e8ces anciennes militaires.<\/p>\n<p>Id\u00e9ale pour une d\u00e9coration vintage, industrielle ou campagne chic : parfaite comme coffre de rangement, \u00e9l\u00e9ment d\u00e9coratif ou table d\u2019appoint.<\/p>\n<p>\u00c0 noter : Les traces d\u2019usage qui lui donnent un caract\u00e8re unique.<\/p>\n<p>\ud83c\udf81 Envoi soign\u00e9 et rapide, parfait pour un cadeau unique<\/p>\n","protected":false},"excerpt":{"rendered":"<p>Malle m\u00e9tallique ancienne Style brocante \/ industriel Dimensions : \u2022 Longueur : 67 cm \u2022 Largeur : 47 cm \u2022&hellip;<\/p>\n","protected":false},"featured_media":58941,"template":"","meta":{"ngg_post_thumbnail":0},"product_cat":[39,35],"product_tag":[],"yoast_head":"<!-- This site is optimized with the Yoast SEO plugin v17.9 - https:\/\/yoast.com\/wordpress\/plugins\/seo\/ -->\n<title>Malle m\u00e9tallique - Le Grenier - brocante et am\u00e9nagement<\/title>\n<meta name=\"robots\" content=\"index, follow, max-snippet:-1, max-image-preview:large, max-video-preview:-1\" \/>\n<link rel=\"canonical\" href=\"https:\/\/le-grenier.org\/index.php\/produit\/malle-metallique\/\" \/>\n<meta property=\"og:locale\" content=\"fr_FR\" \/>\n<meta property=\"og:type\" content=\"article\" \/>\n<meta property=\"og:title\" content=\"Malle m\u00e9tallique - Le Grenier - brocante et am\u00e9nagement\" \/>\n<meta property=\"og:description\" content=\"Malle m\u00e9tallique ancienne Style brocante \/ industriel Dimensions : \u2022 Longueur : 67 cm \u2022 Largeur : 47 cm \u2022&hellip;\" \/>\n<meta property=\"og:url\" content=\"https:\/\/le-grenier.org\/index.php\/produit\/malle-metallique\/\" \/>\n<meta property=\"og:site_name\" content=\"Le Grenier - brocante et am\u00e9nagement\" \/>\n<meta property=\"article:modified_time\" content=\"2026-04-08T14:49:56+00:00\" \/>\n<meta property=\"og:image\" content=\"http:\/\/le-grenier.org\/wp-content\/uploads\/2025\/12\/img_3438.jpeg\" \/>\n\t<meta property=\"og:image:width\" content=\"1170\" \/>\n\t<meta property=\"og:image:height\" content=\"1170\" \/>\n\t<meta property=\"og:image:type\" content=\"image\/jpeg\" \/>\n<meta name=\"twitter:card\" content=\"summary_large_image\" \/>\n<script type=\"application\/ld+json\" class=\"yoast-schema-graph\">{\"@context\":\"https:\/\/schema.org\",\"@graph\":[{\"@type\":\"WebSite\",\"@id\":\"https:\/\/le-grenier.org\/#website\",\"url\":\"https:\/\/le-grenier.org\/\",\"name\":\"Le Grenier - brocante et am\\u00e9nagement\",\"description\":\"\",\"potentialAction\":[{\"@type\":\"SearchAction\",\"target\":{\"@type\":\"EntryPoint\",\"urlTemplate\":\"https:\/\/le-grenier.org\/?s={search_term_string}\"},\"query-input\":\"required name=search_term_string\"}],\"inLanguage\":\"fr-FR\"},{\"@type\":\"ImageObject\",\"@id\":\"https:\/\/le-grenier.org\/index.php\/produit\/malle-metallique\/#primaryimage\",\"inLanguage\":\"fr-FR\",\"url\":\"https:\/\/le-grenier.org\/wp-content\/uploads\/2025\/12\/img_3438.jpeg\",\"contentUrl\":\"https:\/\/le-grenier.org\/wp-content\/uploads\/2025\/12\/img_3438.jpeg\",\"width\":1170,\"height\":1170,\"caption\":\"Screenshot\"},{\"@type\":\"WebPage\",\"@id\":\"https:\/\/le-grenier.org\/index.php\/produit\/malle-metallique\/#webpage\",\"url\":\"https:\/\/le-grenier.org\/index.php\/produit\/malle-metallique\/\",\"name\":\"Malle m\\u00e9tallique - Le Grenier - brocante et am\\u00e9nagement\",\"isPartOf\":{\"@id\":\"https:\/\/le-grenier.org\/#website\"},\"primaryImageOfPage\":{\"@id\":\"https:\/\/le-grenier.org\/index.php\/produit\/malle-metallique\/#primaryimage\"},\"datePublished\":\"2025-12-02T20:26:12+00:00\",\"dateModified\":\"2026-04-08T14:49:56+00:00\",\"breadcrumb\":{\"@id\":\"https:\/\/le-grenier.org\/index.php\/produit\/malle-metallique\/#breadcrumb\"},\"inLanguage\":\"fr-FR\",\"potentialAction\":[{\"@type\":\"ReadAction\",\"target\":[\"https:\/\/le-grenier.org\/index.php\/produit\/malle-metallique\/\"]}]},{\"@type\":\"BreadcrumbList\",\"@id\":\"https:\/\/le-grenier.org\/index.php\/produit\/malle-metallique\/#breadcrumb\",\"itemListElement\":[{\"@type\":\"ListItem\",\"position\":1,\"name\":\"Accueil\",\"item\":\"https:\/\/le-grenier.org\/\"},{\"@type\":\"ListItem\",\"position\":2,\"name\":\"Boutique en ligne\",\"item\":\"https:\/\/le-grenier.org\/\"},{\"@type\":\"ListItem\",\"position\":3,\"name\":\"Malle m\\u00e9tallique\"}]}]}<\/script>\n<!-- \/ Yoast SEO plugin. -->","yoast_head_json":{"title":"Malle m\u00e9tallique - Le Grenier - brocante et am\u00e9nagement","robots":{"index":"index","follow":"follow","max-snippet":"max-snippet:-1","max-image-preview":"max-image-preview:large","max-video-preview":"max-video-preview:-1"},"canonical":"https:\/\/le-grenier.org\/index.php\/produit\/malle-metallique\/","og_locale":"fr_FR","og_type":"article","og_title":"Malle m\u00e9tallique - Le Grenier - brocante et am\u00e9nagement","og_description":"Malle m\u00e9tallique ancienne Style brocante \/ industriel Dimensions : \u2022 Longueur : 67 cm \u2022 Largeur : 47 cm \u2022&hellip;","og_url":"https:\/\/le-grenier.org\/index.php\/produit\/malle-metallique\/","og_site_name":"Le Grenier - brocante et am\u00e9nagement","article_modified_time":"2026-04-08T14:49:56+00:00","og_image":[{"width":1170,"height":1170,"url":"http:\/\/le-grenier.org\/wp-content\/uploads\/2025\/12\/img_3438.jpeg","type":"image\/jpeg"}],"twitter_card":"summary_large_image","schema":{"@context":"https:\/\/schema.org","@graph":[{"@type":"WebSite","@id":"https:\/\/le-grenier.org\/#website","url":"https:\/\/le-grenier.org\/","name":"Le Grenier - brocante et am\u00e9nagement","description":"","potentialAction":[{"@type":"SearchAction","target":{"@type":"EntryPoint","urlTemplate":"https:\/\/le-grenier.org\/?s={search_term_string}"},"query-input":"required name=search_term_string"}],"inLanguage":"fr-FR"},{"@type":"ImageObject","@id":"https:\/\/le-grenier.org\/index.php\/produit\/malle-metallique\/#primaryimage","inLanguage":"fr-FR","url":"https:\/\/le-grenier.org\/wp-content\/uploads\/2025\/12\/img_3438.jpeg","contentUrl":"https:\/\/le-grenier.org\/wp-content\/uploads\/2025\/12\/img_3438.jpeg","width":1170,"height":1170,"caption":"Screenshot"},{"@type":"WebPage","@id":"https:\/\/le-grenier.org\/index.php\/produit\/malle-metallique\/#webpage","url":"https:\/\/le-grenier.org\/index.php\/produit\/malle-metallique\/","name":"Malle m\u00e9tallique - Le Grenier - brocante et am\u00e9nagement","isPartOf":{"@id":"https:\/\/le-grenier.org\/#website"},"primaryImageOfPage":{"@id":"https:\/\/le-grenier.org\/index.php\/produit\/malle-metallique\/#primaryimage"},"datePublished":"2025-12-02T20:26:12+00:00","dateModified":"2026-04-08T14:49:56+00:00","breadcrumb":{"@id":"https:\/\/le-grenier.org\/index.php\/produit\/malle-metallique\/#breadcrumb"},"inLanguage":"fr-FR","potentialAction":[{"@type":"ReadAction","target":["https:\/\/le-grenier.org\/index.php\/produit\/malle-metallique\/"]}]},{"@type":"BreadcrumbList","@id":"https:\/\/le-grenier.org\/index.php\/produit\/malle-metallique\/#breadcrumb","itemListElement":[{"@type":"ListItem","position":1,"name":"Accueil","item":"https:\/\/le-grenier.org\/"},{"@type":"ListItem","position":2,"name":"Boutique en ligne","item":"https:\/\/le-grenier.org\/"},{"@type":"ListItem","position":3,"name":"Malle m\u00e9tallique"}]}]}},"_links":{"self":[{"href":"https:\/\/le-grenier.org\/index.php\/wp-json\/wp\/v2\/product\/58940"}],"collection":[{"href":"https:\/\/le-grenier.org\/index.php\/wp-json\/wp\/v2\/product"}],"about":[{"href":"https:\/\/le-grenier.org\/index.php\/wp-json\/wp\/v2\/types\/product"}],"wp:featuredmedia":[{"embeddable":true,"href":"https:\/\/le-grenier.org\/index.php\/wp-json\/wp\/v2\/media\/58941"}],"wp:attachment":[{"href":"https:\/\/le-grenier.org\/index.php\/wp-json\/wp\/v2\/media?parent=58940"}],"wp:term":[{"taxonomy":"product_cat","embeddable":true,"href":"https:\/\/le-grenier.org\/index.php\/wp-json\/wp\/v2\/product_cat?post=58940"},{"taxonomy":"product_tag","embeddable":true,"href":"https:\/\/le-grenier.org\/index.php\/wp-json\/wp\/v2\/product_tag?post=58940"}],"curies":[{"name":"wp","href":"https:\/\/api.w.org\/{rel}","templated":true}]}}