{"id":59109,"date":"2026-01-06T18:18:41","date_gmt":"2026-01-06T17:18:41","guid":{"rendered":"https:\/\/le-grenier.org\/index.php\/produit\/2-assiettes-badonvillers\/"},"modified":"2026-01-06T18:21:07","modified_gmt":"2026-01-06T17:21:07","slug":"2-assiettes-badonvillers","status":"publish","type":"product","link":"https:\/\/le-grenier.org\/index.php\/produit\/2-assiettes-badonvillers\/","title":{"rendered":"2 assiettes Badonvillers"},"content":{"rendered":"<p>\u2728 Lot de 2 assiettes anciennes Badonvillers \u2013 demi-porcelaine, mod\u00e8le Germaine<\/p>\n<p>Charmant ensemble de deux assiettes en demi-porcelaine issues de la c\u00e9l\u00e8bre fa\u00efencerie de Badonvillers (France), reconnaissables \u00e0 leur monogramme au revers.<\/p>\n<p>Le d\u00e9cor floral d\u00e9licat, domin\u00e9 par une rose stylis\u00e9e et soulign\u00e9 d\u2019une frise bordeaux, leur conf\u00e8re une \u00e9l\u00e9gance classique et intemporelle.<\/p>\n<p>\ud83d\udd39 Diam\u00e8tre : 23 cm<\/p>\n<p>\ud83d\udd39 \u00c9poque \/ style : traditionnel fran\u00e7ais<\/p>\n<p>\ud83d\udd39 Fabrication : demi-porcelaine de qualit\u00e9<\/p>\n<p>Ces assiettes se distinguent par la finesse de leur d\u00e9cor et leur belle pr\u00e9sence. Elles trouveront aussi bien leur place sur une table raffin\u00e9e, dans une vitrine de collection, ou d\u00e9tourn\u00e9es en d\u00e9coration murale pour une touche authentique et po\u00e9tique.<\/p>\n<p>\ud83e\udde1 Id\u00e9ales pour les amateurs de vaisselle ancienne, de porcelaine fran\u00e7aise et de pi\u00e8ces de caract\u00e8re.<\/p>\n<p>\ud83d\udce6 Envoi rapide et particuli\u00e8rement soign\u00e9<\/p>\n<p>\ud83c\udf81 Une tr\u00e8s belle id\u00e9e cadeau pour les passionn\u00e9s de brocante et d\u2019art de la table<\/p>\n","protected":false},"excerpt":{"rendered":"<p>\u2728 Lot de 2 assiettes anciennes Badonvillers \u2013 demi-porcelaine, mod\u00e8le Germaine Charmant ensemble de deux assiettes en demi-porcelaine issues de&hellip;<\/p>\n","protected":false},"featured_media":59110,"template":"","meta":{"ngg_post_thumbnail":0},"product_cat":[40,46],"product_tag":[],"yoast_head":"<!-- This site is optimized with the Yoast SEO plugin v17.9 - https:\/\/yoast.com\/wordpress\/plugins\/seo\/ -->\n<title>2 assiettes Badonvillers - Le Grenier - brocante et am\u00e9nagement<\/title>\n<meta name=\"robots\" content=\"index, follow, max-snippet:-1, max-image-preview:large, max-video-preview:-1\" \/>\n<link rel=\"canonical\" href=\"https:\/\/le-grenier.org\/index.php\/produit\/2-assiettes-badonvillers\/\" \/>\n<meta property=\"og:locale\" content=\"fr_FR\" \/>\n<meta property=\"og:type\" content=\"article\" \/>\n<meta property=\"og:title\" content=\"2 assiettes Badonvillers - Le Grenier - brocante et am\u00e9nagement\" \/>\n<meta property=\"og:description\" content=\"\u2728 Lot de 2 assiettes anciennes Badonvillers \u2013 demi-porcelaine, mod\u00e8le Germaine Charmant ensemble de deux assiettes en demi-porcelaine issues de&hellip;\" \/>\n<meta property=\"og:url\" content=\"https:\/\/le-grenier.org\/index.php\/produit\/2-assiettes-badonvillers\/\" \/>\n<meta property=\"og:site_name\" content=\"Le Grenier - brocante et am\u00e9nagement\" \/>\n<meta property=\"article:modified_time\" content=\"2026-01-06T17:21:07+00:00\" \/>\n<meta name=\"twitter:card\" content=\"summary_large_image\" \/>\n<meta name=\"twitter:label1\" content=\"Dur\u00e9e de lecture estim\u00e9e\" \/>\n\t<meta name=\"twitter:data1\" content=\"1 minute\" \/>\n<script type=\"application\/ld+json\" class=\"yoast-schema-graph\">{\"@context\":\"https:\/\/schema.org\",\"@graph\":[{\"@type\":\"WebSite\",\"@id\":\"https:\/\/le-grenier.org\/#website\",\"url\":\"https:\/\/le-grenier.org\/\",\"name\":\"Le Grenier - brocante et am\\u00e9nagement\",\"description\":\"\",\"potentialAction\":[{\"@type\":\"SearchAction\",\"target\":{\"@type\":\"EntryPoint\",\"urlTemplate\":\"https:\/\/le-grenier.org\/?s={search_term_string}\"},\"query-input\":\"required name=search_term_string\"}],\"inLanguage\":\"fr-FR\"},{\"@type\":\"ImageObject\",\"@id\":\"https:\/\/le-grenier.org\/index.php\/produit\/2-assiettes-badonvillers\/#primaryimage\",\"inLanguage\":\"fr-FR\",\"url\":\"https:\/\/le-grenier.org\/wp-content\/uploads\/2026\/01\/img_3770.jpeg\",\"contentUrl\":\"https:\/\/le-grenier.org\/wp-content\/uploads\/2026\/01\/img_3770.jpeg\",\"width\":1170,\"height\":1188,\"caption\":\"Screenshot\"},{\"@type\":\"WebPage\",\"@id\":\"https:\/\/le-grenier.org\/index.php\/produit\/2-assiettes-badonvillers\/#webpage\",\"url\":\"https:\/\/le-grenier.org\/index.php\/produit\/2-assiettes-badonvillers\/\",\"name\":\"2 assiettes Badonvillers - Le Grenier - brocante et am\\u00e9nagement\",\"isPartOf\":{\"@id\":\"https:\/\/le-grenier.org\/#website\"},\"primaryImageOfPage\":{\"@id\":\"https:\/\/le-grenier.org\/index.php\/produit\/2-assiettes-badonvillers\/#primaryimage\"},\"datePublished\":\"2026-01-06T17:18:41+00:00\",\"dateModified\":\"2026-01-06T17:21:07+00:00\",\"breadcrumb\":{\"@id\":\"https:\/\/le-grenier.org\/index.php\/produit\/2-assiettes-badonvillers\/#breadcrumb\"},\"inLanguage\":\"fr-FR\",\"potentialAction\":[{\"@type\":\"ReadAction\",\"target\":[\"https:\/\/le-grenier.org\/index.php\/produit\/2-assiettes-badonvillers\/\"]}]},{\"@type\":\"BreadcrumbList\",\"@id\":\"https:\/\/le-grenier.org\/index.php\/produit\/2-assiettes-badonvillers\/#breadcrumb\",\"itemListElement\":[{\"@type\":\"ListItem\",\"position\":1,\"name\":\"Accueil\",\"item\":\"https:\/\/le-grenier.org\/\"},{\"@type\":\"ListItem\",\"position\":2,\"name\":\"Boutique en ligne\",\"item\":\"https:\/\/le-grenier.org\/\"},{\"@type\":\"ListItem\",\"position\":3,\"name\":\"2 assiettes Badonvillers\"}]}]}<\/script>\n<!-- \/ Yoast SEO plugin. -->","yoast_head_json":{"title":"2 assiettes Badonvillers - Le Grenier - brocante et am\u00e9nagement","robots":{"index":"index","follow":"follow","max-snippet":"max-snippet:-1","max-image-preview":"max-image-preview:large","max-video-preview":"max-video-preview:-1"},"canonical":"https:\/\/le-grenier.org\/index.php\/produit\/2-assiettes-badonvillers\/","og_locale":"fr_FR","og_type":"article","og_title":"2 assiettes Badonvillers - Le Grenier - brocante et am\u00e9nagement","og_description":"\u2728 Lot de 2 assiettes anciennes Badonvillers \u2013 demi-porcelaine, mod\u00e8le Germaine Charmant ensemble de deux assiettes en demi-porcelaine issues de&hellip;","og_url":"https:\/\/le-grenier.org\/index.php\/produit\/2-assiettes-badonvillers\/","og_site_name":"Le Grenier - brocante et am\u00e9nagement","article_modified_time":"2026-01-06T17:21:07+00:00","twitter_card":"summary_large_image","twitter_misc":{"Dur\u00e9e de lecture estim\u00e9e":"1 minute"},"schema":{"@context":"https:\/\/schema.org","@graph":[{"@type":"WebSite","@id":"https:\/\/le-grenier.org\/#website","url":"https:\/\/le-grenier.org\/","name":"Le Grenier - brocante et am\u00e9nagement","description":"","potentialAction":[{"@type":"SearchAction","target":{"@type":"EntryPoint","urlTemplate":"https:\/\/le-grenier.org\/?s={search_term_string}"},"query-input":"required name=search_term_string"}],"inLanguage":"fr-FR"},{"@type":"ImageObject","@id":"https:\/\/le-grenier.org\/index.php\/produit\/2-assiettes-badonvillers\/#primaryimage","inLanguage":"fr-FR","url":"https:\/\/le-grenier.org\/wp-content\/uploads\/2026\/01\/img_3770.jpeg","contentUrl":"https:\/\/le-grenier.org\/wp-content\/uploads\/2026\/01\/img_3770.jpeg","width":1170,"height":1188,"caption":"Screenshot"},{"@type":"WebPage","@id":"https:\/\/le-grenier.org\/index.php\/produit\/2-assiettes-badonvillers\/#webpage","url":"https:\/\/le-grenier.org\/index.php\/produit\/2-assiettes-badonvillers\/","name":"2 assiettes Badonvillers - Le Grenier - brocante et am\u00e9nagement","isPartOf":{"@id":"https:\/\/le-grenier.org\/#website"},"primaryImageOfPage":{"@id":"https:\/\/le-grenier.org\/index.php\/produit\/2-assiettes-badonvillers\/#primaryimage"},"datePublished":"2026-01-06T17:18:41+00:00","dateModified":"2026-01-06T17:21:07+00:00","breadcrumb":{"@id":"https:\/\/le-grenier.org\/index.php\/produit\/2-assiettes-badonvillers\/#breadcrumb"},"inLanguage":"fr-FR","potentialAction":[{"@type":"ReadAction","target":["https:\/\/le-grenier.org\/index.php\/produit\/2-assiettes-badonvillers\/"]}]},{"@type":"BreadcrumbList","@id":"https:\/\/le-grenier.org\/index.php\/produit\/2-assiettes-badonvillers\/#breadcrumb","itemListElement":[{"@type":"ListItem","position":1,"name":"Accueil","item":"https:\/\/le-grenier.org\/"},{"@type":"ListItem","position":2,"name":"Boutique en ligne","item":"https:\/\/le-grenier.org\/"},{"@type":"ListItem","position":3,"name":"2 assiettes Badonvillers"}]}]}},"_links":{"self":[{"href":"https:\/\/le-grenier.org\/index.php\/wp-json\/wp\/v2\/product\/59109"}],"collection":[{"href":"https:\/\/le-grenier.org\/index.php\/wp-json\/wp\/v2\/product"}],"about":[{"href":"https:\/\/le-grenier.org\/index.php\/wp-json\/wp\/v2\/types\/product"}],"wp:featuredmedia":[{"embeddable":true,"href":"https:\/\/le-grenier.org\/index.php\/wp-json\/wp\/v2\/media\/59110"}],"wp:attachment":[{"href":"https:\/\/le-grenier.org\/index.php\/wp-json\/wp\/v2\/media?parent=59109"}],"wp:term":[{"taxonomy":"product_cat","embeddable":true,"href":"https:\/\/le-grenier.org\/index.php\/wp-json\/wp\/v2\/product_cat?post=59109"},{"taxonomy":"product_tag","embeddable":true,"href":"https:\/\/le-grenier.org\/index.php\/wp-json\/wp\/v2\/product_tag?post=59109"}],"curies":[{"name":"wp","href":"https:\/\/api.w.org\/{rel}","templated":true}]}}