{"id":59210,"date":"2026-01-15T11:12:30","date_gmt":"2026-01-15T10:12:30","guid":{"rendered":"https:\/\/le-grenier.org\/index.php\/produit\/lampe-nuage-ikea\/"},"modified":"2026-01-15T11:19:21","modified_gmt":"2026-01-15T10:19:21","slug":"lampe-nuage-ikea","status":"publish","type":"product","link":"https:\/\/le-grenier.org\/index.php\/produit\/lampe-nuage-ikea\/","title":{"rendered":"Lampe nuage IKEA"},"content":{"rendered":"<p>Lampe nuage IKEA \u2013 Mod\u00e8le SKOJIG \u2013 Ann\u00e9es 90<\/p>\n<p>Ic\u00f4ne du design ludique des ann\u00e9es 90, cette lampe IKEA SKOJIG, dessin\u00e9e par le designer Henrik Preutz, s\u00e9duit par sa forme nuage et sa couleur vert pomme acidul\u00e9 typique de l\u2019esth\u00e9tique pop de l\u2019\u00e9poque.<\/p>\n<p>Elle peut s\u2019utiliser :<\/p>\n<p>\u2022\ten lampe de bureau ou de chevet,<\/p>\n<p>\u2022\tou en applique murale.<\/p>\n<p>\ud83d\udd39 Col flexible en m\u00e9tal, orientable selon vos besoins<\/p>\n<p>\ud83d\udd39 Corps en plastique, socle stable<\/p>\n<p>\ud83d\udd39 C\u00e2blage d\u2019origine. Prise au bout pour la brancher facilement<\/p>\n<p>\ud83d\udd39 Fonctionne parfaitement<\/p>\n<p>Dimensions :<\/p>\n<p>\u2022 Hauteur (pos\u00e9e sur socle) : 30 cm<\/p>\n<p>\u2022 Diam\u00e8tre de l\u2019abat-jour : 16 cm<\/p>\n<p>\u2022 Diam\u00e8tre du socle : 16 cm<\/p>\n<p>Un bel objet d\u00e9coratif, id\u00e9al pour une chambre, un bureau ou une d\u00e9co vintage color\u00e9e.<\/p>\n<p>\ud83d\udce6 Envoi rapide et particuli\u00e8rement soign\u00e9<\/p>\n<p>\ud83c\udf81 Parfait pour les amateurs de design vintage et de pi\u00e8ces IKEA devenues rares<\/p>\n","protected":false},"excerpt":{"rendered":"<p>Lampe nuage IKEA \u2013 Mod\u00e8le SKOJIG \u2013 Ann\u00e9es 90 Ic\u00f4ne du design ludique des ann\u00e9es 90, cette lampe IKEA SKOJIG,&hellip;<\/p>\n","protected":false},"featured_media":59211,"template":"","meta":{"ngg_post_thumbnail":0},"product_cat":[53,25,26],"product_tag":[],"yoast_head":"<!-- This site is optimized with the Yoast SEO plugin v17.9 - https:\/\/yoast.com\/wordpress\/plugins\/seo\/ -->\n<title>Lampe nuage IKEA - Le Grenier - brocante et am\u00e9nagement<\/title>\n<meta name=\"robots\" content=\"index, follow, max-snippet:-1, max-image-preview:large, max-video-preview:-1\" \/>\n<link rel=\"canonical\" href=\"https:\/\/le-grenier.org\/index.php\/produit\/lampe-nuage-ikea\/\" \/>\n<meta property=\"og:locale\" content=\"fr_FR\" \/>\n<meta property=\"og:type\" content=\"article\" \/>\n<meta property=\"og:title\" content=\"Lampe nuage IKEA - Le Grenier - brocante et am\u00e9nagement\" \/>\n<meta property=\"og:description\" content=\"Lampe nuage IKEA \u2013 Mod\u00e8le SKOJIG \u2013 Ann\u00e9es 90 Ic\u00f4ne du design ludique des ann\u00e9es 90, cette lampe IKEA SKOJIG,&hellip;\" \/>\n<meta property=\"og:url\" content=\"https:\/\/le-grenier.org\/index.php\/produit\/lampe-nuage-ikea\/\" \/>\n<meta property=\"og:site_name\" content=\"Le Grenier - brocante et am\u00e9nagement\" \/>\n<meta property=\"article:modified_time\" content=\"2026-01-15T10:19:21+00:00\" \/>\n<meta name=\"twitter:card\" content=\"summary_large_image\" \/>\n<meta name=\"twitter:label1\" content=\"Dur\u00e9e de lecture estim\u00e9e\" \/>\n\t<meta name=\"twitter:data1\" content=\"1 minute\" \/>\n<script type=\"application\/ld+json\" class=\"yoast-schema-graph\">{\"@context\":\"https:\/\/schema.org\",\"@graph\":[{\"@type\":\"WebSite\",\"@id\":\"https:\/\/le-grenier.org\/#website\",\"url\":\"https:\/\/le-grenier.org\/\",\"name\":\"Le Grenier - brocante et am\\u00e9nagement\",\"description\":\"\",\"potentialAction\":[{\"@type\":\"SearchAction\",\"target\":{\"@type\":\"EntryPoint\",\"urlTemplate\":\"https:\/\/le-grenier.org\/?s={search_term_string}\"},\"query-input\":\"required name=search_term_string\"}],\"inLanguage\":\"fr-FR\"},{\"@type\":\"ImageObject\",\"@id\":\"https:\/\/le-grenier.org\/index.php\/produit\/lampe-nuage-ikea\/#primaryimage\",\"inLanguage\":\"fr-FR\",\"url\":\"https:\/\/le-grenier.org\/wp-content\/uploads\/2026\/01\/img_3910.jpeg\",\"contentUrl\":\"https:\/\/le-grenier.org\/wp-content\/uploads\/2026\/01\/img_3910.jpeg\",\"width\":1170,\"height\":1298,\"caption\":\"Screenshot\"},{\"@type\":\"WebPage\",\"@id\":\"https:\/\/le-grenier.org\/index.php\/produit\/lampe-nuage-ikea\/#webpage\",\"url\":\"https:\/\/le-grenier.org\/index.php\/produit\/lampe-nuage-ikea\/\",\"name\":\"Lampe nuage IKEA - Le Grenier - brocante et am\\u00e9nagement\",\"isPartOf\":{\"@id\":\"https:\/\/le-grenier.org\/#website\"},\"primaryImageOfPage\":{\"@id\":\"https:\/\/le-grenier.org\/index.php\/produit\/lampe-nuage-ikea\/#primaryimage\"},\"datePublished\":\"2026-01-15T10:12:30+00:00\",\"dateModified\":\"2026-01-15T10:19:21+00:00\",\"breadcrumb\":{\"@id\":\"https:\/\/le-grenier.org\/index.php\/produit\/lampe-nuage-ikea\/#breadcrumb\"},\"inLanguage\":\"fr-FR\",\"potentialAction\":[{\"@type\":\"ReadAction\",\"target\":[\"https:\/\/le-grenier.org\/index.php\/produit\/lampe-nuage-ikea\/\"]}]},{\"@type\":\"BreadcrumbList\",\"@id\":\"https:\/\/le-grenier.org\/index.php\/produit\/lampe-nuage-ikea\/#breadcrumb\",\"itemListElement\":[{\"@type\":\"ListItem\",\"position\":1,\"name\":\"Accueil\",\"item\":\"https:\/\/le-grenier.org\/\"},{\"@type\":\"ListItem\",\"position\":2,\"name\":\"Boutique en ligne\",\"item\":\"https:\/\/le-grenier.org\/\"},{\"@type\":\"ListItem\",\"position\":3,\"name\":\"Lampe nuage IKEA\"}]}]}<\/script>\n<!-- \/ Yoast SEO plugin. -->","yoast_head_json":{"title":"Lampe nuage IKEA - Le Grenier - brocante et am\u00e9nagement","robots":{"index":"index","follow":"follow","max-snippet":"max-snippet:-1","max-image-preview":"max-image-preview:large","max-video-preview":"max-video-preview:-1"},"canonical":"https:\/\/le-grenier.org\/index.php\/produit\/lampe-nuage-ikea\/","og_locale":"fr_FR","og_type":"article","og_title":"Lampe nuage IKEA - Le Grenier - brocante et am\u00e9nagement","og_description":"Lampe nuage IKEA \u2013 Mod\u00e8le SKOJIG \u2013 Ann\u00e9es 90 Ic\u00f4ne du design ludique des ann\u00e9es 90, cette lampe IKEA SKOJIG,&hellip;","og_url":"https:\/\/le-grenier.org\/index.php\/produit\/lampe-nuage-ikea\/","og_site_name":"Le Grenier - brocante et am\u00e9nagement","article_modified_time":"2026-01-15T10:19:21+00:00","twitter_card":"summary_large_image","twitter_misc":{"Dur\u00e9e de lecture estim\u00e9e":"1 minute"},"schema":{"@context":"https:\/\/schema.org","@graph":[{"@type":"WebSite","@id":"https:\/\/le-grenier.org\/#website","url":"https:\/\/le-grenier.org\/","name":"Le Grenier - brocante et am\u00e9nagement","description":"","potentialAction":[{"@type":"SearchAction","target":{"@type":"EntryPoint","urlTemplate":"https:\/\/le-grenier.org\/?s={search_term_string}"},"query-input":"required name=search_term_string"}],"inLanguage":"fr-FR"},{"@type":"ImageObject","@id":"https:\/\/le-grenier.org\/index.php\/produit\/lampe-nuage-ikea\/#primaryimage","inLanguage":"fr-FR","url":"https:\/\/le-grenier.org\/wp-content\/uploads\/2026\/01\/img_3910.jpeg","contentUrl":"https:\/\/le-grenier.org\/wp-content\/uploads\/2026\/01\/img_3910.jpeg","width":1170,"height":1298,"caption":"Screenshot"},{"@type":"WebPage","@id":"https:\/\/le-grenier.org\/index.php\/produit\/lampe-nuage-ikea\/#webpage","url":"https:\/\/le-grenier.org\/index.php\/produit\/lampe-nuage-ikea\/","name":"Lampe nuage IKEA - Le Grenier - brocante et am\u00e9nagement","isPartOf":{"@id":"https:\/\/le-grenier.org\/#website"},"primaryImageOfPage":{"@id":"https:\/\/le-grenier.org\/index.php\/produit\/lampe-nuage-ikea\/#primaryimage"},"datePublished":"2026-01-15T10:12:30+00:00","dateModified":"2026-01-15T10:19:21+00:00","breadcrumb":{"@id":"https:\/\/le-grenier.org\/index.php\/produit\/lampe-nuage-ikea\/#breadcrumb"},"inLanguage":"fr-FR","potentialAction":[{"@type":"ReadAction","target":["https:\/\/le-grenier.org\/index.php\/produit\/lampe-nuage-ikea\/"]}]},{"@type":"BreadcrumbList","@id":"https:\/\/le-grenier.org\/index.php\/produit\/lampe-nuage-ikea\/#breadcrumb","itemListElement":[{"@type":"ListItem","position":1,"name":"Accueil","item":"https:\/\/le-grenier.org\/"},{"@type":"ListItem","position":2,"name":"Boutique en ligne","item":"https:\/\/le-grenier.org\/"},{"@type":"ListItem","position":3,"name":"Lampe nuage IKEA"}]}]}},"_links":{"self":[{"href":"https:\/\/le-grenier.org\/index.php\/wp-json\/wp\/v2\/product\/59210"}],"collection":[{"href":"https:\/\/le-grenier.org\/index.php\/wp-json\/wp\/v2\/product"}],"about":[{"href":"https:\/\/le-grenier.org\/index.php\/wp-json\/wp\/v2\/types\/product"}],"wp:featuredmedia":[{"embeddable":true,"href":"https:\/\/le-grenier.org\/index.php\/wp-json\/wp\/v2\/media\/59211"}],"wp:attachment":[{"href":"https:\/\/le-grenier.org\/index.php\/wp-json\/wp\/v2\/media?parent=59210"}],"wp:term":[{"taxonomy":"product_cat","embeddable":true,"href":"https:\/\/le-grenier.org\/index.php\/wp-json\/wp\/v2\/product_cat?post=59210"},{"taxonomy":"product_tag","embeddable":true,"href":"https:\/\/le-grenier.org\/index.php\/wp-json\/wp\/v2\/product_tag?post=59210"}],"curies":[{"name":"wp","href":"https:\/\/api.w.org\/{rel}","templated":true}]}}