{"id":59788,"date":"2026-03-24T13:28:19","date_gmt":"2026-03-24T12:28:19","guid":{"rendered":"https:\/\/le-grenier.org\/index.php\/produit\/paire-de-chaises-13\/"},"modified":"2026-03-24T13:30:40","modified_gmt":"2026-03-24T12:30:40","slug":"paire-de-chaises-13","status":"publish","type":"product","link":"https:\/\/le-grenier.org\/index.php\/produit\/paire-de-chaises-13\/","title":{"rendered":"Paire de chaises"},"content":{"rendered":"<p>Paire de chaises en Formica effet bois clair, parfaites pour une cuisine r\u00e9tro ou une d\u00e9co 70s pleine de charme.<\/p>\n<p>Leur design simple et intemporel s\u2019int\u00e8gre facilement dans tous les styles, du vintage au contemporain.<\/p>\n<p>\ud83e\ude91 Caract\u00e9ristiques :<\/p>\n<p>\u2022 Assise : 40 x 45 cm<\/p>\n<p>\u2022 Hauteur totale : 87 cm<\/p>\n<p>\u2022 Structure : pieds en m\u00e9tal noir<\/p>\n<p>\ud83d\udd0e \u00c9tat :<\/p>\n<p>Formica en tr\u00e8s bon \u00e9tat \u2728<\/p>\n<p>M\u00e9tal noir pr\u00e9sentant quelques traces de rouille (discr\u00e8tes, n\u2019alt\u00e8rent pas la solidit\u00e9)<\/p>\n<p>\ud83d\udca1 Id\u00e9al pour une cuisine, un coin repas ou un projet d\u00e9co avec une touche authentique.<\/p>\n<p>\u2014 \u2014 \u2014<\/p>\n<p>\ud83d\udecd\ufe0f Retrait gratuit en boutique \u00e0 Amiens ou Thezy Glimont<\/p>\n","protected":false},"excerpt":{"rendered":"<p>Paire de chaises en Formica effet bois clair, parfaites pour une cuisine r\u00e9tro ou une d\u00e9co 70s pleine de charme.&hellip;<\/p>\n","protected":false},"featured_media":59789,"template":"","meta":{"ngg_post_thumbnail":0},"product_cat":[53,37,24],"product_tag":[],"yoast_head":"<!-- This site is optimized with the Yoast SEO plugin v17.9 - https:\/\/yoast.com\/wordpress\/plugins\/seo\/ -->\n<title>Paire de chaises - Le Grenier - brocante et am\u00e9nagement<\/title>\n<meta name=\"robots\" content=\"index, follow, max-snippet:-1, max-image-preview:large, max-video-preview:-1\" \/>\n<link rel=\"canonical\" href=\"https:\/\/le-grenier.org\/index.php\/produit\/paire-de-chaises-13\/\" \/>\n<meta property=\"og:locale\" content=\"fr_FR\" \/>\n<meta property=\"og:type\" content=\"article\" \/>\n<meta property=\"og:title\" content=\"Paire de chaises - Le Grenier - brocante et am\u00e9nagement\" \/>\n<meta property=\"og:description\" content=\"Paire de chaises en Formica effet bois clair, parfaites pour une cuisine r\u00e9tro ou une d\u00e9co 70s pleine de charme.&hellip;\" \/>\n<meta property=\"og:url\" content=\"https:\/\/le-grenier.org\/index.php\/produit\/paire-de-chaises-13\/\" \/>\n<meta property=\"og:site_name\" content=\"Le Grenier - brocante et am\u00e9nagement\" \/>\n<meta property=\"article:modified_time\" content=\"2026-03-24T12:30:40+00:00\" \/>\n<meta name=\"twitter:card\" content=\"summary_large_image\" \/>\n<meta name=\"twitter:label1\" content=\"Dur\u00e9e de lecture estim\u00e9e\" \/>\n\t<meta name=\"twitter:data1\" content=\"1 minute\" \/>\n<script type=\"application\/ld+json\" class=\"yoast-schema-graph\">{\"@context\":\"https:\/\/schema.org\",\"@graph\":[{\"@type\":\"WebSite\",\"@id\":\"https:\/\/le-grenier.org\/#website\",\"url\":\"https:\/\/le-grenier.org\/\",\"name\":\"Le Grenier - brocante et am\\u00e9nagement\",\"description\":\"\",\"potentialAction\":[{\"@type\":\"SearchAction\",\"target\":{\"@type\":\"EntryPoint\",\"urlTemplate\":\"https:\/\/le-grenier.org\/?s={search_term_string}\"},\"query-input\":\"required name=search_term_string\"}],\"inLanguage\":\"fr-FR\"},{\"@type\":\"ImageObject\",\"@id\":\"https:\/\/le-grenier.org\/index.php\/produit\/paire-de-chaises-13\/#primaryimage\",\"inLanguage\":\"fr-FR\",\"url\":\"https:\/\/le-grenier.org\/wp-content\/uploads\/2026\/03\/img_4885.jpeg\",\"contentUrl\":\"https:\/\/le-grenier.org\/wp-content\/uploads\/2026\/03\/img_4885.jpeg\",\"width\":1170,\"height\":1266,\"caption\":\"Screenshot\"},{\"@type\":\"WebPage\",\"@id\":\"https:\/\/le-grenier.org\/index.php\/produit\/paire-de-chaises-13\/#webpage\",\"url\":\"https:\/\/le-grenier.org\/index.php\/produit\/paire-de-chaises-13\/\",\"name\":\"Paire de chaises - Le Grenier - brocante et am\\u00e9nagement\",\"isPartOf\":{\"@id\":\"https:\/\/le-grenier.org\/#website\"},\"primaryImageOfPage\":{\"@id\":\"https:\/\/le-grenier.org\/index.php\/produit\/paire-de-chaises-13\/#primaryimage\"},\"datePublished\":\"2026-03-24T12:28:19+00:00\",\"dateModified\":\"2026-03-24T12:30:40+00:00\",\"breadcrumb\":{\"@id\":\"https:\/\/le-grenier.org\/index.php\/produit\/paire-de-chaises-13\/#breadcrumb\"},\"inLanguage\":\"fr-FR\",\"potentialAction\":[{\"@type\":\"ReadAction\",\"target\":[\"https:\/\/le-grenier.org\/index.php\/produit\/paire-de-chaises-13\/\"]}]},{\"@type\":\"BreadcrumbList\",\"@id\":\"https:\/\/le-grenier.org\/index.php\/produit\/paire-de-chaises-13\/#breadcrumb\",\"itemListElement\":[{\"@type\":\"ListItem\",\"position\":1,\"name\":\"Accueil\",\"item\":\"https:\/\/le-grenier.org\/\"},{\"@type\":\"ListItem\",\"position\":2,\"name\":\"Boutique en ligne\",\"item\":\"https:\/\/le-grenier.org\/\"},{\"@type\":\"ListItem\",\"position\":3,\"name\":\"Paire de chaises\"}]}]}<\/script>\n<!-- \/ Yoast SEO plugin. -->","yoast_head_json":{"title":"Paire de chaises - Le Grenier - brocante et am\u00e9nagement","robots":{"index":"index","follow":"follow","max-snippet":"max-snippet:-1","max-image-preview":"max-image-preview:large","max-video-preview":"max-video-preview:-1"},"canonical":"https:\/\/le-grenier.org\/index.php\/produit\/paire-de-chaises-13\/","og_locale":"fr_FR","og_type":"article","og_title":"Paire de chaises - Le Grenier - brocante et am\u00e9nagement","og_description":"Paire de chaises en Formica effet bois clair, parfaites pour une cuisine r\u00e9tro ou une d\u00e9co 70s pleine de charme.&hellip;","og_url":"https:\/\/le-grenier.org\/index.php\/produit\/paire-de-chaises-13\/","og_site_name":"Le Grenier - brocante et am\u00e9nagement","article_modified_time":"2026-03-24T12:30:40+00:00","twitter_card":"summary_large_image","twitter_misc":{"Dur\u00e9e de lecture estim\u00e9e":"1 minute"},"schema":{"@context":"https:\/\/schema.org","@graph":[{"@type":"WebSite","@id":"https:\/\/le-grenier.org\/#website","url":"https:\/\/le-grenier.org\/","name":"Le Grenier - brocante et am\u00e9nagement","description":"","potentialAction":[{"@type":"SearchAction","target":{"@type":"EntryPoint","urlTemplate":"https:\/\/le-grenier.org\/?s={search_term_string}"},"query-input":"required name=search_term_string"}],"inLanguage":"fr-FR"},{"@type":"ImageObject","@id":"https:\/\/le-grenier.org\/index.php\/produit\/paire-de-chaises-13\/#primaryimage","inLanguage":"fr-FR","url":"https:\/\/le-grenier.org\/wp-content\/uploads\/2026\/03\/img_4885.jpeg","contentUrl":"https:\/\/le-grenier.org\/wp-content\/uploads\/2026\/03\/img_4885.jpeg","width":1170,"height":1266,"caption":"Screenshot"},{"@type":"WebPage","@id":"https:\/\/le-grenier.org\/index.php\/produit\/paire-de-chaises-13\/#webpage","url":"https:\/\/le-grenier.org\/index.php\/produit\/paire-de-chaises-13\/","name":"Paire de chaises - Le Grenier - brocante et am\u00e9nagement","isPartOf":{"@id":"https:\/\/le-grenier.org\/#website"},"primaryImageOfPage":{"@id":"https:\/\/le-grenier.org\/index.php\/produit\/paire-de-chaises-13\/#primaryimage"},"datePublished":"2026-03-24T12:28:19+00:00","dateModified":"2026-03-24T12:30:40+00:00","breadcrumb":{"@id":"https:\/\/le-grenier.org\/index.php\/produit\/paire-de-chaises-13\/#breadcrumb"},"inLanguage":"fr-FR","potentialAction":[{"@type":"ReadAction","target":["https:\/\/le-grenier.org\/index.php\/produit\/paire-de-chaises-13\/"]}]},{"@type":"BreadcrumbList","@id":"https:\/\/le-grenier.org\/index.php\/produit\/paire-de-chaises-13\/#breadcrumb","itemListElement":[{"@type":"ListItem","position":1,"name":"Accueil","item":"https:\/\/le-grenier.org\/"},{"@type":"ListItem","position":2,"name":"Boutique en ligne","item":"https:\/\/le-grenier.org\/"},{"@type":"ListItem","position":3,"name":"Paire de chaises"}]}]}},"_links":{"self":[{"href":"https:\/\/le-grenier.org\/index.php\/wp-json\/wp\/v2\/product\/59788"}],"collection":[{"href":"https:\/\/le-grenier.org\/index.php\/wp-json\/wp\/v2\/product"}],"about":[{"href":"https:\/\/le-grenier.org\/index.php\/wp-json\/wp\/v2\/types\/product"}],"wp:featuredmedia":[{"embeddable":true,"href":"https:\/\/le-grenier.org\/index.php\/wp-json\/wp\/v2\/media\/59789"}],"wp:attachment":[{"href":"https:\/\/le-grenier.org\/index.php\/wp-json\/wp\/v2\/media?parent=59788"}],"wp:term":[{"taxonomy":"product_cat","embeddable":true,"href":"https:\/\/le-grenier.org\/index.php\/wp-json\/wp\/v2\/product_cat?post=59788"},{"taxonomy":"product_tag","embeddable":true,"href":"https:\/\/le-grenier.org\/index.php\/wp-json\/wp\/v2\/product_tag?post=59788"}],"curies":[{"name":"wp","href":"https:\/\/api.w.org\/{rel}","templated":true}]}}